{"id":22822,"date":"2024-12-23T14:57:58","date_gmt":"2024-12-23T14:57:58","guid":{"rendered":"https:\/\/wpcms.chambers.com\/?post_type=events&#038;p=22822"},"modified":"2025-05-08T01:24:57","modified_gmt":"2025-05-08T00:24:57","slug":"chambers-chile-forum-2025","status":"publish","type":"events","link":"https:\/\/wpcms.chambers.com\/events\/chambers-chile-forum-2025\/","title":{"rendered":"Chambers Chile Foro 2025"},"content":{"rendered":"\n\n\n&nbsp;\n\n\n\n\n\n\n\n\n\n\n\n&nbsp;\n\n\n\n<iframe width=\"560\" height=\"315\" src=\"https:\/\/www.youtube.com\/embed\/T8bjxvoqsos?si=dg8f5h0YLtFMFODl\" title=\"YouTube video player\" frameborder=\"0\" allow=\"accelerometer; autoplay; clipboard-write; encrypted-media; gyroscope; picture-in-picture; web-share\" referrerpolicy=\"strict-origin-when-cross-origin\" allowfullscreen=\"\"><\/iframe>\n\n\n\n&nbsp;\n\n\n\n\n\n\n\n\n","protected":false},"featured_media":22826,"template":"","meta":[],"event_types":[50],"locations":[197],"event_category":[183,190],"blocks":[{"blockName":"lazyblock\/chambers-header","attrs":{"header":"Agenda","headerLevel":"2","blockId":"29K78K","blockUniqueClass":"lazyblock-chambers-header-29K78K"},"innerBlocks":[],"innerHTML":"","innerContent":[]},{"blockName":null,"attrs":[],"innerBlocks":[],"innerHTML":"\n\n","innerContent":["\n\n"]},{"blockName":"core\/html","attrs":[],"innerBlocks":[],"innerHTML":"\n&nbsp;\n","innerContent":["\n&nbsp;\n"]},{"blockName":null,"attrs":[],"innerBlocks":[],"innerHTML":"\n\n","innerContent":["\n\n"]},{"blockName":"lazyblock\/chambers-event-agenda","attrs":{"cards-to-show":11,"timetable":"%5B%7B%22start-time%22:%222025-02-27T09:00:00%22,%22end-time%22:%222025-02-27T09:30:00%22,%22description%22:%22%3Cp%3E%3Cspan%20data-teams=%5C%22true%5C%22%3EInscripciones%20y%20coffee%20break%3C\/span%3E%3C\/p%3E%22%7D,%7B%22start-time%22:%222025-02-27T09:30:00%22,%22end-time%22:%222025-02-27T09:45:00%22,%22description%22:%22%3Cp%3E%3Cspan%20data-teams=%5C%22true%5C%22%3EApertura%20y%20visi%C3%B3n%20general%20del%20mercado%20%E2%80%93%20Chambers%20Research%20%C2%A0%3C\/span%3E%3C\/p%3E%22%7D,%7B%22description%22:%22%3Cp%3E%3Cspan%20data-teams=%5C%22true%5C%22%3E%3Cspan%20class=%5C%22TextRun%20SCXW30210504%20BCX4%5C%22%20lang=%5C%22EN-GB%5C%22%20xml:lang=%5C%22EN-GB%5C%22%20data-contrast=%5C%22auto%5C%22%3E%3Cspan%20class=%5C%22NormalTextRun%20SCXW30210504%20BCX4%5C%22%3EVisi%C3%B3n%20Empresarial:%20%3C\/span%3E%3Cspan%20class=%5C%22NormalTextRun%20SpellingErrorV2Themed%20SCXW30210504%20BCX4%5C%22%3EL%C3%ADderes%3C\/span%3E%3Cspan%20class=%5C%22NormalTextRun%20SCXW30210504%20BCX4%5C%22%3E%20del%20Mercado%20Legal%20y%20%3C\/span%3E%3Cspan%20class=%5C%22NormalTextRun%20SpellingErrorV2Themed%20SCXW30210504%20BCX4%5C%22%3Esu%3C\/span%3E%3Cspan%20class=%5C%22NormalTextRun%20SCXW30210504%20BCX4%5C%22%3E%20Estrategia%20%3C\/span%3E%3Cspan%20class=%5C%22NormalTextRun%20SpellingErrorV2Themed%20SCXW30210504%20BCX4%5C%22%3Een%3C\/span%3E%3Cspan%20class=%5C%22NormalTextRun%20SCXW30210504%20BCX4%5C%22%3E%20la%20Era%20Digital%3C\/span%3E%3C\/span%3E%3Cspan%20class=%5C%22EOP%20SCXW30210504%20BCX4%5C%22%20data-ccp-props=%5C%22%7B&quot;201341983&quot;:0,&quot;335559740&quot;:259%7D%5C%22%3E%20(%3C\/span%3EChambers%20and%20Partners)%3C\/span%3E%3C\/p%3E%5Cn%3Cp%3E%3Cspan%20data-contrast=%5C%22none%5C%22%3EPanelistas:%3C\/span%3E%3C\/p%3E%5Cn%3Cul%3E%5Cn%3Cli%3E%3Cspan%20data-teams=%5C%22true%5C%22%3E%3Cstrong%3EModeradora:%20M%C3%B3nica%20Tantale%C3%A1n%3C\/strong%3E,%20Directora%20de%20Investigaci%C3%B3n%20del%20equipo%20de%20Chambers%20&amp;%20Partners%20Latin%20America%3C\/span%3E%3C\/li%3E%5Cn%3Cli%3E%3Cstrong%3EMacarena%20Vargas%20Losada%3C\/strong%3E,%20Vicepresidenta%20Legal,%20%3Cspan%20data-teams=%5C%22true%5C%22%3ECODELCO%3C\/span%3E%3C\/li%3E%5Cn%3Cli%3E%3Cstrong%3EMar%C3%ADa%20Paz%20Cerda%3C\/strong%3E,%20Vicepresidenta%20de%20Asuntos%20Legales,%20AES%20Andes%C2%A0%3C\/li%3E%5Cn%3Cli%3E%3Cstrong%3ELorena%20Barrientos%20Estay%3C\/strong%3E,%20Jefa%20de%20Divisi%C3%B3n%20Legal,%20ENAMI%C2%A0%3C\/li%3E%5Cn%3Cli%3E%3Cstrong%3EFrancisca%20Larra%C3%ADn%3C\/strong%3E,%20Head%20of%20Compliance%20Latam,%20Liberty%20Mutual%20Insurance%C2%A0%C2%A0%3C\/li%3E%5Cn%3Cli%3E%3Cstrong%3EMariana%20G%C3%B3mez%20Moffat%3C\/strong%3E,%20Managing%20Director%20Legal%20Regional%20y%20Country%20Head%20Chile,%20Credicorp%20Capital%C2%A0%C2%A0%3C\/li%3E%5Cn%3Cli%3E%3Cstrong%3EMar%C3%ADa%20de%20Lourdes%20Vel%C3%A1squez%3C\/strong%3E,%20Gerenta%20Legal%20y%20de%20Compliance,%20Generadora%20Metropolitana%C2%A0%3C\/li%3E%5Cn%3C\/ul%3E%22,%22start-time%22:%222025-02-27T09:45:00%22,%22end-time%22:%222025-02-27T10:30:00%22%7D,%7B%22start-time%22:%222025-05-02T10:30:00%22,%22end-time%22:%222025-05-02T10:40:00%22,%22description%22:%22%3Cp%3E%3Cspan%20data-teams=%5C%22true%5C%22%3ESesi%C3%B3n%20de%20preguntas%20y%20respuestas%3C\/span%3E%3C\/p%3E%22%7D,%7B%22start-time%22:%222025-02-27T10:40:00%22,%22end-time%22:%222025-02-27T11:25:00%22,%22description%22:%22%3Cp%3E%3Cb%3E%3Cspan%20data-contrast=%5C%22none%5C%22%3ELos%20datos%20como%20activo%20estrat%C3%A9gico%20en%20la%20econom%C3%ADa%20digital%3C\/span%3E%3C\/b%3E%3Cstrong%3E%20(Albagli%20Zaliasnik)%3C\/strong%3E%3C\/p%3E%5Cn%3Cp%3E%3Cspan%20data-contrast=%5C%22none%5C%22%3EEn%20un%20entorno%20cada%20vez%20m%C3%A1s%20impulsado%20por%20la%20tecnolog%C3%ADa,%20los%20datos%20se%20han%20convertido%20en%20uno%20de%20los%20activos%20m%C3%A1s%20valiosos%20para%20empresas,%20gobiernos%20y%20organizaciones.%20Han%20dejado%20de%20ser%20un%20subproducto%20operativo%20para%20convertirse%20en%20uno%20de%20los%20activos%20estrat%C3%A9gicos%20de%20cualquier%20organizaci%C3%B3n.%20%3C\/span%3E%3Cspan%20data-ccp-props=%5C%22%7B&quot;201341983&quot;:0,&quot;335559740&quot;:259%7D%5C%22%3E%C2%A0%3C\/span%3E%3C\/p%3E%5Cn%3Cp%3E%3Cspan%20data-contrast=%5C%22none%5C%22%3ESu%20correcta%20gesti%C3%B3n%20permite%20anticipar%20tendencias,%20personalizar%20servicios,%20optimizar%20procesos%20y%20desarrollar%20nuevas%20fuentes%20de%20valor.%20Sin%20embargo,%20este%20potencial%20viene%20acompa%C3%B1ado%20de%20crecientes%20riesgos,%20exigencias%20legales%20y%20%C3%A9ticas.%3C\/span%3E%3Cspan%20data-ccp-props=%5C%22%7B&quot;201341983&quot;:0,&quot;335559740&quot;:259%7D%5C%22%3E%C2%A0%3C\/span%3E%3Cspan%20data-contrast=%5C%22none%5C%22%3E%C2%A0%3C\/span%3E%3Cspan%20data-ccp-props=%5C%22%7B&quot;201341983&quot;:0,&quot;335559740&quot;:259%7D%5C%22%3E%C2%A0%3C\/span%3E%3C\/p%3E%5Cn%3Cp%3E%3Cspan%20data-contrast=%5C%22none%5C%22%3ELa%20reciente%20aprobaci%C3%B3n%20de%20la%20Ley%20N%C2%B0%2021.719%20sobre%20Protecci%C3%B3n%20de%20Datos%20Personales%20marca%20un%20cambio%20profundo%20en%20el%20ecosistema%20regulatorio%20chileno.%20%3C\/span%3E%3Cspan%20data-ccp-props=%5C%22%7B&quot;201341983&quot;:0,&quot;335559740&quot;:259%7D%5C%22%3E%C2%A0%3C\/span%3E%3C\/p%3E%5Cn%3Cp%3E%3Cspan%20data-contrast=%5C%22none%5C%22%3EEste%20panel%20explorar%C3%A1%20c%C3%B3mo%20esta%20nueva%20ley%20no%20solo%20impone%20desaf%C3%ADos%20de%20cumplimiento,%20sino%20que%20tambi%C3%A9n%20representa%20una%20oportunidad%20para%20consolidar%20una%20gesti%C3%B3n%20responsable,%20segura%20y%20estrat%C3%A9gica%20de%20los%20datos.%20%3C\/span%3E%3Cspan%20data-ccp-props=%5C%22%7B&quot;201341983&quot;:0,&quot;335559740&quot;:259%7D%5C%22%3E%C2%A0%3C\/span%3E%3C\/p%3E%5Cn%3Cp%3E%3Cspan%20data-contrast=%5C%22none%5C%22%3EPanelistas:%3C\/span%3E%3C\/p%3E%5Cn%3Cul%3E%5Cn%3Cli%3E%3Cspan%20style=%5C%22font-size:%20inherit;%5C%22%20data-contrast=%5C%22none%5C%22%3E%3Cstrong%3EModerador%3C\/strong%3E:%3C\/span%3E%3Cb%20style=%5C%22font-size:%20inherit;%5C%22%3E%3Cspan%20data-contrast=%5C%22none%5C%22%3E%20Yoab%20Bitran,%3C\/span%3E%3C\/b%3E%3Cspan%20style=%5C%22font-size:%20inherit;%5C%22%20data-contrast=%5C%22none%5C%22%3E%20Director%20Grupo%20Compliance,%20%3Cb%3EAlbagli%20Zaliasnik%3C\/b%3E%3C\/span%3E%3C\/li%3E%5Cn%3Cli%3E%3Cb%3E%3Cspan%20data-contrast=%5C%22none%5C%22%3EMariano%20Gojman,%3C\/span%3E%3C\/b%3E%3Cspan%20data-contrast=%5C%22none%5C%22%3E%20Regional%20Compliance%20Officer%20South%20America,%20%3C\/span%3E%3Cb%3E%3Cspan%20data-contrast=%5C%22none%5C%22%3ESiemens%3C\/span%3E%3C\/b%3E%3Cspan%20data-ccp-props=%5C%22%7B&quot;201341983&quot;:0,&quot;335559740&quot;:259%7D%5C%22%3E%C2%A0%3C\/span%3E%3C\/li%3E%5Cn%3Cli%3E%3Cb%3E%3Cspan%20data-contrast=%5C%22none%5C%22%3EConsuelo%20Letelier%3C\/span%3E%3C\/b%3E%3Cspan%20data-contrast=%5C%22none%5C%22%3E,%20Legal%20VP%20and%20Chief%20Compliance%20Officer,%20%3C\/span%3E%3Cb%3E%3Cspan%20data-contrast=%5C%22none%5C%22%3ETalana%3C\/span%3E%3C\/b%3E%3C\/li%3E%5Cn%3Cli%3E%3Cb%3E%3Cspan%20data-contrast=%5C%22none%5C%22%3EMar%C3%ADa%20Constanza%20Ortiz%3C\/span%3E%3C\/b%3E%3Cspan%20data-contrast=%5C%22none%5C%22%3E,%20Legal%20Counsel,%3C\/span%3E%3Cb%3E%3Cspan%20data-contrast=%5C%22none%5C%22%3E%20Sinovac%20Biotech%C2%A0%3C\/span%3E%3C\/b%3E%3Cspan%20data-ccp-props=%5C%22%7B&quot;201341983&quot;:0,&quot;335559740&quot;:259%7D%5C%22%3E%C2%A0%3C\/span%3E%3C\/li%3E%5Cn%3C\/ul%3E%22%7D,%7B%22start-time%22:%222025-05-02T11:25:00%22,%22end-time%22:%222025-05-02T11:35:00%22,%22description%22:%22%3Cp%3E%3Cspan%20data-teams=%5C%22true%5C%22%3ESesi%C3%B3n%20de%20preguntas%20y%20respuestas%3C\/span%3E%3C\/p%3E%22%7D,%7B%22start-time%22:%222025-02-27T11:35:00%22,%22end-time%22:%222025-02-27T12:05:00%22,%22description%22:%22%3Cp%3ECoffee%20break%3C\/p%3E%22%7D,%7B%22start-time%22:%222025-02-27T12:05:00%22,%22end-time%22:%222025-02-27T12:50:00%22,%22description%22:%22%3Cp%3E%3Cb%3E%3Cspan%20data-contrast=%5C%22none%5C%22%3ECompliance%20de%20la%20Econom%C3%ADa%20Digital,%20Datos%20Personales,%20Inteligencia%20Artificial%20y%20Ciberseguridad%20(Magliona%20Abogados)%3C\/span%3E%3C\/b%3E%3C\/p%3E%5Cn%3Cp%3E%3Cspan%20data-contrast=%5C%22auto%5C%22%3EEn%20esta%20sesi%C3%B3n%20donde%20conversaremos%20con%20empresas%20tecnol%C3%B3gicas%20l%C3%ADderes,%20exploraremos%20sobre%20como%20navegar%20con%20el%20impacto%20de%20los%20nuevos%20est%C3%A1ndares%20en%20regulaci%C3%B3n%20de%20datos%20personales,%20ciberseguridad%20e%20inteligencia%20artificial%20y%20los%20desaf%C3%ADos%20en%20la%20implementaci%C3%B3n%20de%20estas%20nuevas%20normativas,%20y%20las%20futuras%20relaciones%20con%20nuevas%20agencias%20como%20la%20Agencia%20de%20Protecci%C3%B3n%20de%20Datos%20Personales%20y%20la%20Agencia%20Nacional%20de%20Ciberseguridad.%20Existen%20nuevos%20est%C3%A1ndares%20y%20nuevas%20oportunidades.%20%C2%A0%C2%A0%3C\/span%3E%3Cspan%20data-ccp-props=%5C%22%7B&quot;201341983&quot;:0,&quot;335559685&quot;:0,&quot;335559740&quot;:252%7D%5C%22%3E%C2%A0%3C\/span%3E%3Cspan%20data-ccp-props=%5C%22%7B&quot;201341983&quot;:0,&quot;335559685&quot;:0,&quot;335559740&quot;:252%7D%5C%22%3E%C2%A0%3C\/span%3E%3C\/p%3E%5Cn%3Cp%3E%3Cspan%20data-contrast=%5C%22auto%5C%22%3EPanelistas:%3C\/span%3E%3Cspan%20data-ccp-props=%5C%22%7B&quot;201341983&quot;:0,&quot;335559685&quot;:0,&quot;335559740&quot;:252%7D%5C%22%3E%C2%A0%3C\/span%3E%3Cspan%20data-ccp-props=%5C%22%7B&quot;201341983&quot;:0,&quot;335559685&quot;:0,&quot;335559740&quot;:252%7D%5C%22%3E%C2%A0%3C\/span%3E%3C\/p%3E%5Cn%3Cul%3E%5Cn%3Cli%3E%3Cspan%20style=%5C%22font-size:%20inherit;%5C%22%20data-contrast=%5C%22none%5C%22%3E%3Cstrong%3EModerador%3C\/strong%3E:%20%3C\/span%3E%3Cb%20style=%5C%22font-size:%20inherit;%5C%22%3E%3Cspan%20data-contrast=%5C%22none%5C%22%3EClaudio%20Magliona,%20%3C\/span%3E%3C\/b%3E%3Cspan%20style=%5C%22font-size:%20inherit;%5C%22%20data-contrast=%5C%22none%5C%22%3EAbogado,%20Socio,%20%3C\/span%3E%3Cb%20style=%5C%22font-size:%20inherit;%5C%22%3E%3Cspan%20data-contrast=%5C%22none%5C%22%3EMagliona%20Abogados%3C\/span%3E%3C\/b%3E%3Cspan%20style=%5C%22font-size:%20inherit;%5C%22%20data-ccp-props=%5C%22%7B&quot;134233117&quot;:false,&quot;134233118&quot;:false,&quot;201341983&quot;:0,&quot;335557856&quot;:16777215,&quot;335559685&quot;:0,&quot;335559738&quot;:0,&quot;335559739&quot;:0,&quot;335559740&quot;:252%7D%5C%22%3E%C2%A0%3C\/span%3E%3C\/li%3E%5Cn%3Cli%3E%3Cb%3E%3Cspan%20data-contrast=%5C%22none%5C%22%3ECristobal%20Lea-Plaza%3C\/span%3E%3C\/b%3E%3Cspan%20data-contrast=%5C%22none%5C%22%3E,%20Gerente%20de%20Asuntos%20Gubernamentales%20y%20Pol%C3%ADticas%20P%C3%BAblicas,%20%3C\/span%3E%3Cb%3E%3Cspan%20data-contrast=%5C%22none%5C%22%3EGoogle%3C\/span%3E%3C\/b%3E%3Cspan%20data-ccp-props=%5C%22%7B&quot;134233117&quot;:false,&quot;134233118&quot;:false,&quot;201341983&quot;:0,&quot;335557856&quot;:16777215,&quot;335559738&quot;:0,&quot;335559739&quot;:0,&quot;335559740&quot;:252%7D%5C%22%3E%C2%A0%3C\/span%3E%3C\/li%3E%5Cn%3Cli%3E%3Cb%3E%3Cspan%20data-contrast=%5C%22none%5C%22%3EMacarena%20L%C3%B3pez%3C\/span%3E%3C\/b%3E%3Cspan%20data-contrast=%5C%22none%5C%22%3E,%20Gerente%20Legal%20de%20TI%20-%20Privacidad%20&amp;%20Ciberseguridad,%20%3C\/span%3E%3Cb%3E%3Cspan%20data-contrast=%5C%22none%5C%22%3EFalabella%3C\/span%3E%3C\/b%3E%3Cspan%20data-ccp-props=%5C%22%7B&quot;134233117&quot;:false,&quot;134233118&quot;:false,&quot;201341983&quot;:0,&quot;335557856&quot;:16777215,&quot;335559738&quot;:0,&quot;335559739&quot;:0,&quot;335559740&quot;:252%7D%5C%22%3E%C2%A0%3C\/span%3E%3C\/li%3E%5Cn%3Cli%3E%3Cb%3E%3Cspan%20data-contrast=%5C%22none%5C%22%3ECristobal%20Aninat%3C\/span%3E%3C\/b%3E%3Cspan%20data-contrast=%5C%22none%5C%22%3E,%C2%A0%20Head%20of%20Government%20Relations%20\/%20Andean%20Region%20%E2%80%93%20Chile,%20%3C\/span%3E%3Cb%3E%3Cspan%20data-contrast=%5C%22none%5C%22%3EMercado%20Libre%3C\/span%3E%3C\/b%3E%3Cspan%20data-ccp-props=%5C%22%7B&quot;134233117&quot;:false,&quot;134233118&quot;:false,&quot;201341983&quot;:0,&quot;335557856&quot;:16777215,&quot;335559738&quot;:0,&quot;335559739&quot;:0,&quot;335559740&quot;:252%7D%5C%22%3E%C2%A0%3C\/span%3E%3C\/li%3E%5Cn%3Cli%3E%3Cb%3E%3Cspan%20data-contrast=%5C%22none%5C%22%3EAlex%20Pess%C3%B3%3C\/span%3E%3C\/b%3E%3Cspan%20data-contrast=%5C%22none%5C%22%3E,%20Director%20Legal%20y%20Asuntos%20Corporativos,%20%3C\/span%3E%3Cb%3E%3Cspan%20data-contrast=%5C%22none%5C%22%3EMicrosoft%20Chile%20y%20Per%C3%BA%3C\/span%3E%3C\/b%3E%3Cspan%20data-ccp-props=%5C%22%7B&quot;134233117&quot;:false,&quot;134233118&quot;:false,&quot;201341983&quot;:0,&quot;335557856&quot;:16777215,&quot;335559738&quot;:0,&quot;335559739&quot;:0,&quot;335559740&quot;:252%7D%5C%22%3E%C2%A0%3C\/span%3E%3C\/li%3E%5Cn%3Cli%3E%3Cb%3E%3Cspan%20data-contrast=%5C%22auto%5C%22%3EPia%20Vasquez%3C\/span%3E%3C\/b%3E%3Cspan%20data-contrast=%5C%22auto%5C%22%3E,%20Directora%20Legal,%20%3C\/span%3E%3Cb%3E%3Cspan%20data-contrast=%5C%22auto%5C%22%3EHuawei%20Chile%3C\/span%3E%3C\/b%3E%20%3Cspan%20style=%5C%22font-size:%20inherit;%5C%22%3E%C2%A0%3C\/span%3E%3C\/li%3E%5Cn%3C\/ul%3E%22%7D,%7B%22start-time%22:%222025-05-02T12:50:00%22,%22end-time%22:%222025-05-02T13:00:00%22,%22description%22:%22%3Cp%3E%3Cspan%20data-teams=%5C%22true%5C%22%3ESesi%C3%B3n%20de%20preguntas%20y%20respuestas%3C\/span%3E%3C\/p%3E%22%7D,%7B%22start-time%22:%222025-02-27T13:00:00%22,%22end-time%22:%222025-02-27T15:00:00%22,%22description%22:%22%3Cp%3EAlmuerzo%20y%20networking%3C\/p%3E%22%7D%5D","className":"mb-5","blockId":"saOs8","blockUniqueClass":"lazyblock-chambers-event-agenda-saOs8"},"innerBlocks":[],"innerHTML":"","innerContent":[]},{"blockName":null,"attrs":[],"innerBlocks":[],"innerHTML":"\n\n","innerContent":["\n\n"]},{"blockName":"lazyblock\/chambers-header","attrs":{"header":"Conferencistas","headerLevel":"3","blockId":"W4198","blockUniqueClass":"lazyblock-chambers-header-W4198"},"innerBlocks":[],"innerHTML":"","innerContent":[]},{"blockName":null,"attrs":[],"innerBlocks":[],"innerHTML":"\n\n","innerContent":["\n\n"]},{"blockName":"lazyblock\/tabs","attrs":{"blockId":"Z2oqUS0","blockUniqueClass":"lazyblock-tabs-Z2oqUS0"},"innerBlocks":[{"blockName":"lazyblock\/tab-item","attrs":{"title":"Chambers Panel","blockId":"15u6P7","blockUniqueClass":"lazyblock-tab-item-15u6P7"},"innerBlocks":[{"blockName":"lazyblock\/chambers-speakers","attrs":{"speakers":"%5B%7B%22name%22:%22M%C3%B3nica%20Tantale%C3%A1n%22,%22role%22:%22Latin%20America%20Research%20Director%22,%22image%22:%7B%22alt%22:%22%22,%22title%22:%22monica-t%201%22,%22caption%22:%22%22,%22description%22:%22%22,%22id%22:25293,%22link%22:%22https:\/\/wpcms.chambers.com\/events\/central-america-virtual-forum-2025\/monica-t-1\/%22,%22url%22:%22https:\/\/assets.chambers.com\/wp-content\/uploads\/2025\/02\/10093115\/monica-t-1.png%22,%22sizes%22:%7B%22thumbnail%22:%7B%22height%22:120,%22width%22:120,%22url%22:%22https:\/\/assets.chambers.com\/wp-content\/uploads\/2025\/02\/10093115\/monica-t-1-120x120.png%22,%22orientation%22:%22landscape%22%7D,%22medium%22:%7B%22height%22:300,%22width%22:300,%22url%22:%22https:\/\/assets.chambers.com\/wp-content\/uploads\/2025\/02\/10093115\/monica-t-1-300x300.png%22,%22orientation%22:%22landscape%22%7D,%22full%22:%7B%22url%22:%22https:\/\/assets.chambers.com\/wp-content\/uploads\/2025\/02\/10093115\/monica-t-1.png%22,%22height%22:349,%22width%22:349,%22orientation%22:%22landscape%22%7D%7D%7D,%22buttonText%22:%22Read%20bio%22,%22buttonType%22:%22modal%22,%22modalContent%22:%22%3Cp%3EM%C3%B3nica%20Tantale%C3%A1n%20es%20la%20Directora%20de%20Investigaci%C3%B3n%20del%20equipo%20de%20Chambers%20Latin%20America.%20Es%20abogada%20peruana,%20graduada%20de%20la%20Pontificia%20Universidad%20Cat%C3%B3lica%20del%20Per%C3%BA%20y%20posee%20un%20LLM%20en%20Derecho%20y%20Desarrollo%20otorgado%20por%20la%20Universidad%20de%20Manchester.%20Adicionalmente,%20M%C3%B3nica%20ha%20cursado%20estudios%20en%20temas%20de%20financiamiento%20de%20proyectos%20as%C3%AD%20como%20en%20temas%20de%20derecho%20de%20energ%C3%ADa,%20en%20Per%C3%BA%20e%20Inglaterra.%20Su%20experiencia%20laboral%20previa%20incluye%20trabajar%20en%20bufetes%20de%20abogados%20en%20Per%C3%BA%20y%20en%20organizaciones%20sin%20fines%20de%20lucro%20en%20el%20Reino%20Unido,%20incluida%20la%20International%20Project%20Finance%20Association%20en%20Londres.%3C\/p%3E%22%7D,%7B%22name%22:%22Alejandra%20Wilchez%22,%22role%22:%22Principal%20Research%20Specialist%22,%22image%22:%7B%22alt%22:%22%22,%22title%22:%22WP%20-%20Alejandra%22,%22caption%22:%22%22,%22description%22:%22%22,%22id%22:18683,%22link%22:%22https:\/\/wpcms.chambers.com\/events\/chile-forum-2024\/wp-alejandra\/%22,%22url%22:%22https:\/\/assets.chambers.com\/wp-content\/uploads\/2023\/11\/28105413\/WP-Alejandra.png%22,%22sizes%22:%7B%22thumbnail%22:%7B%22height%22:120,%22width%22:120,%22url%22:%22https:\/\/assets.chambers.com\/wp-content\/uploads\/2023\/11\/28105413\/WP-Alejandra-120x120.png%22,%22orientation%22:%22landscape%22%7D,%22full%22:%7B%22url%22:%22https:\/\/assets.chambers.com\/wp-content\/uploads\/2023\/11\/28105413\/WP-Alejandra.png%22,%22height%22:208,%22width%22:208,%22orientation%22:%22landscape%22%7D%7D%7D,%22buttonText%22:%22Read%20bio%22,%22buttonType%22:%22modal%22,%22modalContent%22:%22%3Cp%3EAlejandra%20Wilchez%20es%20abogada%20colombiana,%20magister%20en%20derecho%20internacional%20p%C3%BAblico%20de%20la%20Universidad%20Queen%20Mary%20de%20Londres.%20Tambi%C3%A9n,%20ha%20terminado%20otros%20estudios%20de%20postgrado%20en%20derechos%20humanos%20y%20derecho%20internacional%20humanitario%20en%20Colombia,%20as%C3%AD%20como%20en%20derecho%20migratorio%20extranjer%C3%ADa%20y%20asilo%20en%20Espa%C3%B1a.%20Alejandra%20tiene%20experiencia%20trabajando%20en%20Colombia%20para%20la%20Defensor%C3%ADa%20del%20Pueblo%20y%20en%20Inglaterra%20como%20investigadora%20legal%20y%20editora%20de%20contenido%20en%20una%20ONG%20enfocada%20en%20Derecho%20Migratorio%20y%20Asilo.%20Actualmente,%20Alejandra%20hace%20parte%20del%20equipo%20de%20Chambers%20Latin%20America%20como%20la%20Investigadora%20Especialista%20encargada%20de%20supervisar%20las%20investigaciones%20de%20los%20mercados%20chileno%20y%20argentino.%3C\/p%3E%22%7D,%7B%22modalContent%22:%22%3Cp%3E%3Cspan%20data-contrast=%5C%22auto%5C%22%3EMacarena%20es%20abogada%20de%20la%20Pontificia%20Universidad%20Cat%C3%B3lica%20de%20Chile,%20LL.M%20de%20la%20Universidad%20de%20Chicago%20y%20egresada%20del%20PADE%20(Programa%20de%20Alta%20Direcci%C3%B3n%20de%20Empresas)%20del%20ESE%20Business%20School.%C2%A0%3C\/span%3E%3Cspan%20data-ccp-props=%5C%22%7B%7D%5C%22%3E%C2%A0%3C\/span%3E%3C\/p%3E%5Cn%3Cp%3E%3Cspan%20data-contrast=%5C%22auto%5C%22%3EActualmente%20es%20Vicepresidenta%20Legal%20de%20Codelco%20y%20miembro%20del%20directorio%20de%20empresas%20relacionadas%20a%20la%20Corporaci%C3%B3n,%20tanto%20en%20Chile%20como%20en%20el%20extranjero.%20Previamente,%20se%20desempe%C3%B1%C3%B3%20como%20Gerenta%20Legal,%20de%20Asuntos%20Corporativos%20y%20Sustentabilidad%20en%20una%20empresa%20del%20sector%20energ%C3%A9tico,%20y%20antes%20de%20eso,%20ejerci%C3%B3%20como%20abogada%20en%20el%20rubro%20de%20los%20medios%20de%20comunicaci%C3%B3n.%C2%A0%3C\/span%3E%3Cspan%20data-ccp-props=%5C%22%7B%7D%5C%22%3E%C2%A0%3C\/span%3E%3C\/p%3E%5Cn%3Cp%3E%3Cspan%20data-contrast=%5C%22auto%5C%22%3ECon%20anterioridad%20a%20sus%20roles%20in-house,%20trabaj%C3%B3%20en%20el%20sector%20p%C3%BAblico%20como%20asesora%20del%20Ministro%20de%20Hacienda%20y,%20posteriormente,%20del%20Ministro%20de%20Energ%C3%ADa.%20En%20el%20%C3%A1mbito%20privado,%20ejerci%C3%B3%20en%20el%20estudio%20Carey,%20donde%20asesor%C3%B3%20a%20empresas%20nacionales%20y%20extranjeras%20en%20materias%20corporativas,%20bancarias,%20fusiones%20y%20adquisiciones%20y%20mercados%20regulados.%C2%A0%3C\/span%3E%3Cspan%20data-ccp-props=%5C%22%7B%7D%5C%22%3E%C2%A0%3C\/span%3E%3C\/p%3E%5Cn%3Cp%3E%3Cspan%20data-contrast=%5C%22auto%5C%22%3EHoy%20en%20d%C3%ADa,%20integra%20el%20Comit%C3%A9%20de%20Diversidad%20e%20Inclusi%C3%B3n%20de%20Codelco%20y%20participa%20como%20mentora%20en%20la%20Red%20de%20Abogadas%20In-House%20y%20en%20otras%20instancias%20formativas.%3C\/span%3E%3Cspan%20data-ccp-props=%5C%22%7B%7D%5C%22%3E%C2%A0%3C\/span%3E%3C\/p%3E%22,%22buttonType%22:%22modal%22,%22name%22:%22Macarena%20Vargas%22,%22role%22:%22General%20Counsel,%20CODELCO%22,%22image%22:%7B%22alt%22:%22%22,%22title%22:%22Macarena-Vargas-Losada%22,%22caption%22:%22%22,%22description%22:%22%22,%22id%22:25306,%22link%22:%22https:\/\/wpcms.chambers.com\/events\/chambers-chile-forum-2025\/macarena-vargas-losada\/%22,%22url%22:%22https:\/\/assets.chambers.com\/wp-content\/uploads\/2025\/04\/10124858\/Macarena-Vargas-Losada.png%22,%22sizes%22:%7B%22thumbnail%22:%7B%22height%22:120,%22width%22:120,%22url%22:%22https:\/\/assets.chambers.com\/wp-content\/uploads\/2025\/04\/10124858\/Macarena-Vargas-Losada-120x120.png%22,%22orientation%22:%22landscape%22%7D,%22full%22:%7B%22url%22:%22https:\/\/assets.chambers.com\/wp-content\/uploads\/2025\/04\/10124858\/Macarena-Vargas-Losada.png%22,%22height%22:208,%22width%22:208,%22orientation%22:%22landscape%22%7D%7D%7D,%22buttonText%22:%22Read%20bio%22%7D,%7B%22name%22:%22Lorena%20Barrientos%20Estay%22,%22role%22:%22Jefa%20de%20Divisi%C3%B3n%20Legal,%20ENAMI%22,%22image%22:%7B%22alt%22:%22%22,%22title%22:%22Lorena-1%22,%22caption%22:%22%22,%22description%22:%7B%22raw%22:%22%22,%22rendered%22:%22%3Cp%20class=%5C%22attachment%5C%22%3E%3Ca%20href='https:\/\/wpcms.chambers.com\/wp-content\/uploads\/2025\/04\/Lorena-1.png'%3E%3Cimg%20width=%5C%22208%5C%22%20height=%5C%22208%5C%22%20src=%5C%22https:\/\/wpcms.chambers.com\/wp-content\/uploads\/2025\/04\/Lorena-1.png%5C%22%20class=%5C%22attachment-medium%20size-medium%5C%22%20alt=%5C%22%5C%22%20srcset=%5C%22https:\/\/wpcms.chambers.com\/wp-content\/uploads\/2025\/04\/Lorena-1.png%20208w,%20https:\/\/assets.chambers.com\/wp-content\/uploads\/2025\/04\/25103140\/Lorena-1-120x120.png%20120w%5C%22%20sizes=%5C%22(max-width:%20208px)%20100vw,%20208px%5C%22%20\/%3E%3C\/a%3E%3C\/p%3E%5Cn%22%7D,%22id%22:25594,%22link%22:%22https:\/\/wpcms.chambers.com\/events\/chambers-chile-forum-2025\/lorena-1\/%22,%22url%22:%22https:\/\/wpcms.chambers.com\/wp-content\/uploads\/2025\/04\/Lorena-1.png%22,%22sizes%22:%22%22%7D,%22buttonText%22:%22Read%20bio%22,%22buttonType%22:%22modal%22,%22modalContent%22:%22%3Cp%3EAbogada%20con%20experiencia%20en%20estudios%20jur%C3%ADdicos%20en%20Chile%20y%20Estados%20Unidos,%20y%20en%20empresas%20privadas,%20p%C3%BAblicas%20y%20startups.%20Actualmente%20se%20desempe%C3%B1a%20como%20Jefa%20de%20la%20Divisi%C3%B3n%20Legal%20en%20la%20Empresa%20Nacional%20de%20Miner%C3%ADa.%C2%A0%C2%A0%3C\/p%3E%5Cn%3Cp%3EMiembro%20de%20la%20Comisi%C3%B3n%20de%20Abogadas%20y%20de%20la%20Comisi%C3%B3n%20de%20Diversidad%20e%20Inclusi%C3%B3n%20del%20Colegio%20de%20Abogados.%20Fundadora%20del%20primer%20Comit%C3%A9%20de%20Diversidad%20en%20un%20estudio%20jur%C3%ADdico%20en%20Chile.%20Mentora%20en%20Woomup.%20Impulsora%20de%20diversas%20iniciativas%20de%20g%C3%A9nero%20y%20diversidad%20a%20nivel%20nacional%20y%20regional.%C2%A0%3C\/p%3E%5Cn%3Cp%3EAbogada%20reconocida%20en%202025%20Chambers%20Top%2020%20General%20Counsels%20in%20Latam%20y%20en%20GC%20Powerlist%20-%20Legal%20500%20los%20a%C3%B1os%202023%20y%202024.%20Fue%20reconocida%20por%20Chambers%20como%20Diversity%20&amp;%20Inclusion%20Lawyer%20of%20the%20Year%20en%20LatAm%20en%202021.%20Becaria%20Santander%20Women-50%20Chile%202025.%20Miembro%20del%20Comit%C3%A9%20Ejecutivo%20de%20Abogadas%20In-House%20Chile.%C2%A0%C2%A0%3C\/p%3E%22%7D,%7B%22name%22:%22Mar%C3%ADa%20de%20Lourdes%20Vel%C3%A1squez%22,%22role%22:%22Gerenta%20Legal%20y%20de%20Compliance,%20Generadora%20Metropolitana%20%22,%22image%22:%7B%22alt%22:%22%22,%22title%22:%22Maria-1%22,%22caption%22:%22%22,%22description%22:%7B%22raw%22:%22%22,%22rendered%22:%22%3Cp%20class=%5C%22attachment%5C%22%3E%3Ca%20href='https:\/\/wpcms.chambers.com\/wp-content\/uploads\/2025\/04\/Maria-1.png'%3E%3Cimg%20width=%5C%22208%5C%22%20height=%5C%22208%5C%22%20src=%5C%22https:\/\/wpcms.chambers.com\/wp-content\/uploads\/2025\/04\/Maria-1.png%5C%22%20class=%5C%22attachment-medium%20size-medium%5C%22%20alt=%5C%22%5C%22%20srcset=%5C%22https:\/\/wpcms.chambers.com\/wp-content\/uploads\/2025\/04\/Maria-1.png%20208w,%20https:\/\/assets.chambers.com\/wp-content\/uploads\/2025\/04\/25103317\/Maria-1-120x120.png%20120w%5C%22%20sizes=%5C%22(max-width:%20208px)%20100vw,%20208px%5C%22%20\/%3E%3C\/a%3E%3C\/p%3E%5Cn%22%7D,%22id%22:25595,%22link%22:%22https:\/\/wpcms.chambers.com\/events\/chambers-chile-forum-2025\/maria-1\/%22,%22url%22:%22https:\/\/wpcms.chambers.com\/wp-content\/uploads\/2025\/04\/Maria-1.png%22,%22sizes%22:%22%22%7D,%22buttonText%22:%22Read%20bio%22,%22buttonType%22:%22modal%22,%22modalContent%22:%22%3Cp%3E%3Cspan%20class=%5C%22TextRun%20SCXW231148623%20BCX4%5C%22%20lang=%5C%22PT-BR%5C%22%20xml:lang=%5C%22PT-BR%5C%22%20data-contrast=%5C%22auto%5C%22%3E%3Cspan%20class=%5C%22NormalTextRun%20SCXW231148623%20BCX4%5C%22%3EMar%C3%ADa%20de%20Lourdes%20es%20abogada%20de%20la%20Pontificia%20Universidad%20Cat%C3%B3lica%20de%20Chile.%20Posee%20m%C3%A1s%20de%2025%20a%C3%B1os%20de%20experiencia,%20tanto%20en%20prestigiosos%20estudios%20jur%C3%ADdicos,%20como%20en%20cargos%20directivos%20en%20distintas%20empresas%20nacionales%20y%20multinacionales,%20incluyendo%20BHP%20Chile,%20Kimberly-Clark%20Chile,%20Mel%C3%B3n%20S.A.%20y%20actualmente%20en%20Generadora%20Metropolitana,%20donde%20se%20desempe%C3%B1a%20como%20Chief%20Legal%20&amp;%20Compliance%20Officer.%20Es%20adem%C3%A1s%20directora%20de%20la%20Universidad%20Alberto%20Hurtado%20y%20del%20cap%C3%ADtulo%20chileno%20del%20World%20Energy%20Council%20(WEC).%3C\/span%3E%3C\/span%3E%3Cspan%20class=%5C%22EOP%20SCXW231148623%20BCX4%5C%22%20data-ccp-props=%5C%22%7B%7D%5C%22%3E%C2%A0%3C\/span%3E%3C\/p%3E%22%7D,%7B%22name%22:%22Mar%C3%ADa%20Paz%20Cerda%22,%22role%22:%22Former%20Vicepresidente%20de%20Asuntos%20Legales,%20AES%20Andes%20%22,%22image%22:%7B%22alt%22:%22%22,%22title%22:%22Maria-Paz%22,%22caption%22:%22%22,%22description%22:%7B%22raw%22:%22%22,%22rendered%22:%22%3Cp%20class=%5C%22attachment%5C%22%3E%3Ca%20href='https:\/\/wpcms.chambers.com\/wp-content\/uploads\/2025\/04\/Maria-Paz.png'%3E%3Cimg%20width=%5C%22208%5C%22%20height=%5C%22208%5C%22%20src=%5C%22https:\/\/wpcms.chambers.com\/wp-content\/uploads\/2025\/04\/Maria-Paz.png%5C%22%20class=%5C%22attachment-medium%20size-medium%5C%22%20alt=%5C%22%5C%22%20srcset=%5C%22https:\/\/wpcms.chambers.com\/wp-content\/uploads\/2025\/04\/Maria-Paz.png%20208w,%20https:\/\/assets.chambers.com\/wp-content\/uploads\/2025\/04\/29155928\/Maria-Paz-120x120.png%20120w%5C%22%20sizes=%5C%22(max-width:%20208px)%20100vw,%20208px%5C%22%20\/%3E%3C\/a%3E%3C\/p%3E%5Cn%22%7D,%22id%22:25653,%22link%22:%22https:\/\/wpcms.chambers.com\/events\/chambers-chile-forum-2025\/maria-paz\/%22,%22url%22:%22https:\/\/wpcms.chambers.com\/wp-content\/uploads\/2025\/04\/Maria-Paz.png%22,%22sizes%22:%22%22%7D,%22buttonText%22:%22Read%20bio%22,%22buttonType%22:%22modal%22,%22modalContent%22:%22%3Cp%3E%3Cspan%20data-contrast=%5C%22auto%5C%22%3EAbogada%20titulada%20de%20la%20Facultad%20de%20Derecho%20de%20la%20Pontificia%20Universidad%20Cat%C3%B3lica%20de%20Chile.%20LL.M%20en%20Derecho%20Comercial%20y%20Corporativo%20de%20la%20London%20School%20of%20Economics%20and%20Political%20Science.%20Especializada%20en%20gobierno%20corporativo,%20sostenibilidad,%20asuntos%20corporativos%20y%20comerciales,%20energ%C3%ADa,%20construcci%C3%B3n,%20infraestructura,%20y%20en%20el%20desarrollo%20y%20financiamiento%20de%20proyectos%20de%20energ%C3%ADa%20renovable%20e%20infraestructura.%3C\/span%3E%3Cspan%20data-ccp-props=%5C%22%7B&quot;201341983&quot;:0,&quot;335551550&quot;:6,&quot;335551620&quot;:6,&quot;335559737&quot;:-6,&quot;335559739&quot;:0,&quot;335559740&quot;:240,&quot;469777462&quot;:%5B4860,5490%5D,&quot;469777927&quot;:%5B0,0%5D,&quot;469777928&quot;:%5B1,1%5D%7D%5C%22%3E%C2%A0%3C\/span%3E%3Cspan%20data-ccp-props=%5C%22%7B&quot;201341983&quot;:0,&quot;335551550&quot;:6,&quot;335551620&quot;:6,&quot;335559737&quot;:-6,&quot;335559739&quot;:0,&quot;335559740&quot;:240,&quot;469777462&quot;:%5B4860,5490%5D,&quot;469777927&quot;:%5B0,0%5D,&quot;469777928&quot;:%5B1,1%5D%7D%5C%22%3E%C2%A0%3C\/span%3E%3C\/p%3E%5Cn%3Cp%3E%3Cspan%20data-contrast=%5C%22auto%5C%22%3EMar%C3%ADa%20Paz%20se%20ha%20desempe%C3%B1ado%20como%20Gerenta%20Legal%20y%20Secretaria%20del%20Directorio%20de%20AES%20Andes%20S.A.,%20una%20de%20mayores%20empresas%20de%20Chile,%20con%20responsabilidad%20sobre%20la%20Regi%C3%B3n%20Andes.%20Tambi%C3%A9n%20ha%20sido%20Gerenta%20General%20y%20Directora%20Legal%20de%20MPX%20Energ%C3%ADa,%20desarrolladora%20del%20mayor%20proyecto%20energ%C3%A9tico%20en%20Chile.%20Antes%20de%20su%20experiencia%20in-house,%20Mar%C3%ADa%20Paz%20ejerci%C3%B3%20como%20asociada%20y%20of%20counsel%20en%20los%20estudios%20jur%C3%ADdicos%20chilenos%20Baker%20&amp;%20McKenzie,%20Carey%20y%20C%C3%ADa.,%20y%20Bofill%20Mir%20%C3%81lvarez%20Jana.%3C\/span%3E%3Cspan%20data-ccp-props=%5C%22%7B&quot;201341983&quot;:0,&quot;335551550&quot;:6,&quot;335551620&quot;:6,&quot;335559737&quot;:-6,&quot;335559739&quot;:0,&quot;335559740&quot;:240,&quot;469777462&quot;:%5B4860,5490%5D,&quot;469777927&quot;:%5B0,0%5D,&quot;469777928&quot;:%5B1,1%5D%7D%5C%22%3E%C2%A0%3C\/span%3E%3C\/p%3E%5Cn%3Cp%3E%3Cspan%20data-contrast=%5C%22auto%5C%22%3EHa%20presidido%20el%20directorio%20de%20la%20Fundaci%C3%B3n%20AES%20Chile%20y%20El%C3%A9ctrica%20Cochrane%20SpA.%20Ha%20sido%20Vicepresidenta%20del%20Directorio%20de%20AES%20Brasil%20S.A.%20(empresa%20abierta%20%3C\/span%3E%3Cspan%20data-contrast=%5C%22auto%5C%22%3Een%20bolsa%20en%20Brasil)%20y%20miembro%20del%20directorio%20de%20AES%20Colombia;%20AES%20CAESS,%20AES%20CLESA,%20AES%20EEO%20y%20AES%20DEUSEM,%20responsables%20del%2070%25%20de%20la%20distribuci%C3%B3n%20el%C3%A9ctrica%20en%20El%20Salvador.%3C\/span%3E%3Cspan%20data-ccp-props=%5C%22%7B&quot;134233117&quot;:true,&quot;134233118&quot;:true,&quot;201341983&quot;:0,&quot;335559739&quot;:0,&quot;335559740&quot;:240%7D%5C%22%3E%C2%A0%3C\/span%3E%3C\/p%3E%5Cn%3Cp%3E%3Cspan%20data-contrast=%5C%22auto%5C%22%3EActualmente%20preside%20y%20se%20desempe%C3%B1a%20como%20Vicepresidenta%20del%20directorio%20de%20la%20Corporaci%C3%B3n%20Educacional%20Alianza%20Francesa%20de%20Santiago,%20y%20es%20miembro%20del%20C%C3%ADrculo%20Legal%20de%20ICARE.%20Anteriormente%20fue%20Vicepresidenta%20del%20Directorio%20de%20ACADES%20(Asociaci%C3%B3n%20Chilena%20de%20Desalinizaci%C3%B3n%20AG)%20y%20Co-Presidenta%20del%20Comit%C3%A9%20de%20Gobierno%20Corporativo%20y%20Cumplimiento%20de%20Amcham%20Chile.%3C\/span%3E%3Cspan%20data-ccp-props=%5C%22%7B&quot;134233117&quot;:true,&quot;134233118&quot;:true,&quot;201341983&quot;:0,&quot;335559739&quot;:0,&quot;335559740&quot;:240%7D%5C%22%3E%C2%A0%3C\/span%3E%3C\/p%3E%5Cn%3Cp%3E%3Cspan%20data-contrast=%5C%22auto%5C%22%3EHa%20sido%20distinguida%20entre%20las%20100%20Mujeres%20L%C3%ADderes%20de%20Chile%20y%20reconocida%20por%20publicaciones%20jur%C3%ADdicas%20como%20una%20de%20las%2020%20General%20Counsels%20m%C3%A1s%20relevantes%20de%20Am%C3%A9rica%20Latina,%20entre%20las%20mejores%20General%20Counsels%20de%20Chile%20y%20entre%20las%20abogadas%20m%C3%A1s%20destacadas%20del%20sector%20energ%C3%A9tico%20en%20Chile,%20as%C3%AD%20como%20en%20sostenibilidad,%20diversidad,%20equidad%20e%20inclusi%C3%B3n%20tanto%20en%20Chile%20como%20en%20Am%C3%A9rica%20Latina.%3C\/span%3E%3Cspan%20data-ccp-props=%5C%22%7B&quot;134233117&quot;:true,&quot;134233118&quot;:true,&quot;201341983&quot;:0,&quot;335559739&quot;:0,&quot;335559740&quot;:240%7D%5C%22%3E%C2%A0%3C\/span%3E%3C\/p%3E%22%7D,%7B%22name%22:%22Mariana%20G%C3%B3mez%20Moffat%22,%22role%22:%22Managing%20Director%20Legal%20Regional%20y%20Country%20Head%20Chile,%20Credicorp%20Capital%20%20%22,%22image%22:%7B%22alt%22:%22%22,%22title%22:%22Maria-Gomez%22,%22caption%22:%22%22,%22description%22:%7B%22raw%22:%22%22,%22rendered%22:%22%3Cp%20class=%5C%22attachment%5C%22%3E%3Ca%20href='https:\/\/wpcms.chambers.com\/wp-content\/uploads\/2025\/05\/Maria-Gomez.png'%3E%3Cimg%20width=%5C%22208%5C%22%20height=%5C%22208%5C%22%20src=%5C%22https:\/\/wpcms.chambers.com\/wp-content\/uploads\/2025\/05\/Maria-Gomez.png%5C%22%20class=%5C%22attachment-medium%20size-medium%5C%22%20alt=%5C%22%5C%22%20srcset=%5C%22https:\/\/wpcms.chambers.com\/wp-content\/uploads\/2025\/05\/Maria-Gomez.png%20208w,%20https:\/\/assets.chambers.com\/wp-content\/uploads\/2025\/05\/01101652\/Maria-Gomez-120x120.png%20120w%5C%22%20sizes=%5C%22(max-width:%20208px)%20100vw,%20208px%5C%22%20\/%3E%3C\/a%3E%3C\/p%3E%5Cn%22%7D,%22id%22:25661,%22link%22:%22https:\/\/wpcms.chambers.com\/events\/chambers-chile-forum-2025\/maria-gomez\/%22,%22url%22:%22https:\/\/wpcms.chambers.com\/wp-content\/uploads\/2025\/05\/Maria-Gomez.png%22,%22sizes%22:%22%22%7D,%22buttonType%22:%22modal%22,%22modalContent%22:%22%3Cp%20style=%5C%22font-weight:%20400;%5C%22%3EMariana%20G%C3%B3mez%20es%20abogada%20de%20la%20Universidad%20de%20Chile,%20con%20especializaci%C3%B3n%20en%20gobierno%20corporativo%20y%20corporaciones%20del%20London%20School%20of%20Economics.%20Trabaj%C3%B3%20en%20temas%20de%20M&amp;A,%20financiamiento%20y%20mercado%20de%20capitales%20en%20Carey%20y%20C%C3%ADa.%20por%20m%C3%A1s%20de%2013%20a%C3%B1os.%20En%20el%20a%C3%B1o%202015,%20asumi%C3%B3%20como%20directora%20legal%20de%20IM%20Trust.%20Posteriormente,%20en%20el%20a%C3%B1o%202019,%20asumi%C3%B3%20como%20Managing%20Director%20Legal%20de%20Credicorp%20Capital%20en%20los%20cinco%20pa%C3%ADses%20en%20donde%20opera.%20Adicionalmente,%20lidera%20el%20programa%20de%20equidad%20del%20Grupo%20Credicorp.%20Desde%20el%20a%C3%B1o%202025,%20es%20Country%20Manager%20de%20Credicorp%20Capital%20Chile.%20La%20se%C3%B1ora%20G%C3%B3mez%20se%20desempe%C3%B1a%20como%20directora%20de%20varias%20compa%C3%B1%C3%ADas%20del%20Grupo%20Credicorp%20en%20varios%20pa%C3%ADses.%3C\/p%3E%22,%22buttonText%22:%22Read%20bio%22%7D%5D","blockId":"1PDRfk","blockUniqueClass":"lazyblock-chambers-speakers-1PDRfk"},"innerBlocks":[],"innerHTML":"","innerContent":[]}],"innerHTML":"\n\n","innerContent":["\n",null,"\n"]},{"blockName":"lazyblock\/tab-item","attrs":{"title":"Albagli Zaliasnik","blockId":"Zo84f3","blockUniqueClass":"lazyblock-tab-item-Zo84f3"},"innerBlocks":[{"blockName":"lazyblock\/chambers-speakers","attrs":{"speakers":"%5B%7B%22name%22:%22Consuelo%20Letelier%22,%22role%22:%22Legal%20VP%20and%20Chief%20Compliance%20Officer,%20Talana%20%22,%22image%22:%7B%22alt%22:%22%22,%22title%22:%22Consuelo%22,%22caption%22:%22%22,%22description%22:%7B%22raw%22:%22%22,%22rendered%22:%22%3Cp%20class=%5C%22attachment%5C%22%3E%3Ca%20href='https:\/\/wpcms.chambers.com\/wp-content\/uploads\/2025\/04\/Consuelo.png'%3E%3Cimg%20width=%5C%22208%5C%22%20height=%5C%22208%5C%22%20src=%5C%22https:\/\/wpcms.chambers.com\/wp-content\/uploads\/2025\/04\/Consuelo.png%5C%22%20class=%5C%22attachment-medium%20size-medium%5C%22%20alt=%5C%22%5C%22%20srcset=%5C%22https:\/\/wpcms.chambers.com\/wp-content\/uploads\/2025\/04\/Consuelo.png%20208w,%20https:\/\/assets.chambers.com\/wp-content\/uploads\/2025\/04\/29100950\/Consuelo-120x120.png%20120w%5C%22%20sizes=%5C%22(max-width:%20208px)%20100vw,%20208px%5C%22%20\/%3E%3C\/a%3E%3C\/p%3E%5Cn%22%7D,%22id%22:25642,%22link%22:%22https:\/\/wpcms.chambers.com\/events\/chambers-chile-forum-2025\/consuelo\/%22,%22url%22:%22https:\/\/wpcms.chambers.com\/wp-content\/uploads\/2025\/04\/Consuelo.png%22,%22sizes%22:%22%22%7D,%22buttonText%22:%22%22,%22buttonType%22:%22modal%22%7D,%7B%22image%22:%7B%22alt%22:%22%22,%22title%22:%22Mariano%22,%22caption%22:%22%22,%22description%22:%7B%22raw%22:%22%22,%22rendered%22:%22%3Cp%20class=%5C%22attachment%5C%22%3E%3Ca%20href='https:\/\/wpcms.chambers.com\/wp-content\/uploads\/2025\/04\/Mariano.png'%3E%3Cimg%20width=%5C%22208%5C%22%20height=%5C%22208%5C%22%20src=%5C%22https:\/\/wpcms.chambers.com\/wp-content\/uploads\/2025\/04\/Mariano.png%5C%22%20class=%5C%22attachment-medium%20size-medium%5C%22%20alt=%5C%22%5C%22%20srcset=%5C%22https:\/\/wpcms.chambers.com\/wp-content\/uploads\/2025\/04\/Mariano.png%20208w,%20https:\/\/assets.chambers.com\/wp-content\/uploads\/2025\/04\/29101128\/Mariano-120x120.png%20120w%5C%22%20sizes=%5C%22(max-width:%20208px)%20100vw,%20208px%5C%22%20\/%3E%3C\/a%3E%3C\/p%3E%5Cn%22%7D,%22id%22:25644,%22link%22:%22https:\/\/wpcms.chambers.com\/events\/chambers-chile-forum-2025\/mariano\/%22,%22url%22:%22https:\/\/wpcms.chambers.com\/wp-content\/uploads\/2025\/04\/Mariano.png%22,%22sizes%22:%22%22%7D,%22name%22:%22Mariano%20Gojman%22,%22role%22:%22Regional%20Compliance%20Officer%20South%20America,%20Siemens%20%22%7D,%7B%22name%22:%22Yoab%20Bitran%22,%22role%22:%22Director%20Grupo%20Compliance,%20Albagli%20Zaliasnik%22,%22image%22:%7B%22alt%22:%22%22,%22title%22:%22Yoab%22,%22caption%22:%22%22,%22description%22:%7B%22raw%22:%22%22,%22rendered%22:%22%3Cp%20class=%5C%22attachment%5C%22%3E%3Ca%20href='https:\/\/wpcms.chambers.com\/wp-content\/uploads\/2025\/04\/Yoab.png'%3E%3Cimg%20width=%5C%22208%5C%22%20height=%5C%22208%5C%22%20src=%5C%22https:\/\/wpcms.chambers.com\/wp-content\/uploads\/2025\/04\/Yoab.png%5C%22%20class=%5C%22attachment-medium%20size-medium%5C%22%20alt=%5C%22%5C%22%20srcset=%5C%22https:\/\/wpcms.chambers.com\/wp-content\/uploads\/2025\/04\/Yoab.png%20208w,%20https:\/\/assets.chambers.com\/wp-content\/uploads\/2025\/04\/29101308\/Yoab-120x120.png%20120w%5C%22%20sizes=%5C%22(max-width:%20208px)%20100vw,%20208px%5C%22%20\/%3E%3C\/a%3E%3C\/p%3E%5Cn%22%7D,%22id%22:25645,%22link%22:%22https:\/\/wpcms.chambers.com\/events\/chambers-chile-forum-2025\/yoab\/%22,%22url%22:%22https:\/\/wpcms.chambers.com\/wp-content\/uploads\/2025\/04\/Yoab.png%22,%22sizes%22:%22%22%7D,%22buttonText%22:%22Read%20bio%22,%22buttonType%22:%22modal%22,%22modalContent%22:%22%3Cp%3EWith%2015%20years%20of%20experience%20in%20Compliance,%20Yoab%20helps%20companies%20of%20various%20sizes%20and%20industries%20to%20design,%20implement,%20and%20improve%20compliance%20programs.%20Yoab%20and%20his%20team%20strategically%20advise%20clients%20in%20navigating%20complex%20regulatory%20environments%20by%20adopting%20better%20global%20standards,%20while%20also%20building%20and%20sustaining%20ethical%20corporate%20cultures.%3C\/p%3E%22%7D,%7B%22name%22:%22Mar%C3%ADa%20Constanza%20Ortiz%22,%22role%22:%22Legal%20Counsel,%20Sinovac%20Biotech%20%20%22,%22image%22:%7B%22alt%22:%22%22,%22title%22:%22Maria-Ortiz%22,%22caption%22:%22%22,%22description%22:%7B%22raw%22:%22%22,%22rendered%22:%22%3Cp%20class=%5C%22attachment%5C%22%3E%3Ca%20href='https:\/\/wpcms.chambers.com\/wp-content\/uploads\/2025\/04\/Maria-Ortiz.png'%3E%3Cimg%20width=%5C%22208%5C%22%20height=%5C%22208%5C%22%20src=%5C%22https:\/\/wpcms.chambers.com\/wp-content\/uploads\/2025\/04\/Maria-Ortiz.png%5C%22%20class=%5C%22attachment-medium%20size-medium%5C%22%20alt=%5C%22%5C%22%20srcset=%5C%22https:\/\/wpcms.chambers.com\/wp-content\/uploads\/2025\/04\/Maria-Ortiz.png%20208w,%20https:\/\/assets.chambers.com\/wp-content\/uploads\/2025\/04\/29161910\/Maria-Ortiz-120x120.png%20120w%5C%22%20sizes=%5C%22(max-width:%20208px)%20100vw,%20208px%5C%22%20\/%3E%3C\/a%3E%3C\/p%3E%5Cn%22%7D,%22id%22:25654,%22link%22:%22https:\/\/wpcms.chambers.com\/events\/chambers-chile-forum-2025\/maria-ortiz\/%22,%22url%22:%22https:\/\/wpcms.chambers.com\/wp-content\/uploads\/2025\/04\/Maria-Ortiz.png%22,%22sizes%22:%22%22%7D%7D%5D","blockId":"JwLCE","blockUniqueClass":"lazyblock-chambers-speakers-JwLCE"},"innerBlocks":[],"innerHTML":"","innerContent":[]}],"innerHTML":"\n\n","innerContent":["\n",null,"\n"]},{"blockName":"lazyblock\/tab-item","attrs":{"title":"Magliona Abogados","blockId":"ZWmsI2","blockUniqueClass":"lazyblock-tab-item-ZWmsI2"},"innerBlocks":[{"blockName":"lazyblock\/chambers-speakers","attrs":{"speakers":"%5B%7B%22name%22:%22Pia%20Vasquez%22,%22role%22:%22Directora%20Legal%20Huawei%20Chile%22,%22image%22:%7B%22alt%22:%22%22,%22title%22:%22Pia%22,%22caption%22:%22%22,%22description%22:%7B%22raw%22:%22%22,%22rendered%22:%22%3Cp%20class=%5C%22attachment%5C%22%3E%3Ca%20href='https:\/\/wpcms.chambers.com\/wp-content\/uploads\/2025\/04\/Pia.png'%3E%3Cimg%20width=%5C%22208%5C%22%20height=%5C%22208%5C%22%20src=%5C%22https:\/\/wpcms.chambers.com\/wp-content\/uploads\/2025\/04\/Pia.png%5C%22%20class=%5C%22attachment-medium%20size-medium%5C%22%20alt=%5C%22%5C%22%20srcset=%5C%22https:\/\/wpcms.chambers.com\/wp-content\/uploads\/2025\/04\/Pia.png%20208w,%20https:\/\/assets.chambers.com\/wp-content\/uploads\/2025\/04\/22084326\/Pia-120x120.png%20120w%5C%22%20sizes=%5C%22(max-width:%20208px)%20100vw,%20208px%5C%22%20\/%3E%3C\/a%3E%3C\/p%3E%5Cn%22%7D,%22id%22:25454,%22link%22:%22https:\/\/wpcms.chambers.com\/events\/chambers-chile-forum-2025\/pia\/%22,%22url%22:%22https:\/\/wpcms.chambers.com\/wp-content\/uploads\/2025\/04\/Pia.png%22,%22sizes%22:%22%22%7D,%22buttonText%22:%22Read%20bio%22,%22buttonType%22:%22modal%22,%22modalContent%22:%22%3Cp%3EPia%20Vasquez,%20Directora%20Legal%20Huawei%20Chile,%20Abogada%20de%20la%20Universidad%20de%20Chile,%20Diplomada%20en%20Ciberseguridad,%20Diplomada%20en%20Inform%C3%A1tica,%20Internet%20y%20Derecho,%20Diplomada%20en%20Propiedad%20Intelectual%20y%20Tecnolog%C3%ADa,%20(Facultad%20de%20Derecho%20de%20la%20Universidad%20de%20Chile).%20Diplomada%20en%20Gobiernos%20Corporativos%20en%20la%20Pontificia%20Universidad%20Cat%C3%B3lica%20de%20Chile.Directora%20Jur%C3%ADdica%20pro%20bono%20Fundaci%C3%B3n%20Educacional%20Whilolab.%20Premio%20%E2%80%9CMujer%20Destacada%20en%20Ciberseguridad%202019%E2%80%9D%20Alianza%20Chilena%20Ciberseguridad.%3C\/p%3E%22%7D,%7B%22image%22:%7B%22alt%22:%22%22,%22title%22:%22Alex-Pesso%22,%22caption%22:%22%22,%22description%22:%7B%22raw%22:%22%22,%22rendered%22:%22%3Cp%20class=%5C%22attachment%5C%22%3E%3Ca%20href='https:\/\/wpcms.chambers.com\/wp-content\/uploads\/2025\/04\/Alex-Pesso.png'%3E%3Cimg%20width=%5C%22208%5C%22%20height=%5C%22208%5C%22%20src=%5C%22https:\/\/wpcms.chambers.com\/wp-content\/uploads\/2025\/04\/Alex-Pesso.png%5C%22%20class=%5C%22attachment-medium%20size-medium%5C%22%20alt=%5C%22%5C%22%20srcset=%5C%22https:\/\/wpcms.chambers.com\/wp-content\/uploads\/2025\/04\/Alex-Pesso.png%20208w,%20https:\/\/assets.chambers.com\/wp-content\/uploads\/2025\/04\/22084546\/Alex-Pesso-120x120.png%20120w%5C%22%20sizes=%5C%22(max-width:%20208px)%20100vw,%20208px%5C%22%20\/%3E%3C\/a%3E%3C\/p%3E%5Cn%22%7D,%22id%22:25455,%22link%22:%22https:\/\/wpcms.chambers.com\/events\/chambers-chile-forum-2025\/alex-pesso\/%22,%22url%22:%22https:\/\/wpcms.chambers.com\/wp-content\/uploads\/2025\/04\/Alex-Pesso.png%22,%22sizes%22:%22%22%7D,%22name%22:%22Alex%20Pesso%22,%22role%22:%22Senior%20Corporate%20Counsel,%20Microsoft%20Chile%20and%20Peru%20%22,%22buttonText%22:%22Read%20bio%22,%22buttonType%22:%22modal%22,%22modalContent%22:%22%3Cp%20style=%5C%22font-weight:%20400;%5C%22%3EAlex%20Pesso%C2%A0serves%20as%20the%20Senior%20Corporate%20Counsel%20for%20Microsoft%20Chile%20and%20Peru.%20In%20this%20capacity,%20Alex%20oversees%20commercial%20transactions,%20manages%20the%20corporate%20affairs%20department,%20and%20leads%20philanthropic%20initiatives%20across%20both%20countries.%20Alex%20has%20played%20a%20pivotal%20role%20in%20projects%20related%20to%20AI%20governance%20and%20the%20development%20of%20regulatory%20frameworks.%20Notably,%20Alex%20has%20participated%20in%20significant%20forums,%20including%20the%20APEC%20in%20Lima%202024.%20Alex%20holds%20a%20Master's%20degree%20in%20Constitutional%20Law%20from%20Universidad%20Cat%C3%B3lica%20de%20Chile%20(class%20of%201999)%20and%20a%20Law%20degree%20from%20Universidad%20de%20Chile%20(class%20of%201995).%20From%201999%20to%202006,%20Alex%20served%20as%20a%20Senior%20Attorney%20and%20Deputy%20Director%20at%20Chilecompra,%20specializing%20in%20government,%20constitutional,%20and%20procurement%20law.%20Additionally,%20from%202011%20to%202016,%20Alex%20was%20the%20Academic%20Coordinator%20of%20the%20Technology%20and%20Law%20Center%20at%20Universidad%20de%20Chile%E2%80%99s%20Faculty%20of%20Law.%20Currently,%20Alex%20is%20an%20invited%20professor%20at%20the%20Catholic%20University%20Faculty%20of%20Law,%20where%20they%20teach%20diploma%20courses%20on%20privacy%20and%20AI.%20Furthermore,%20Alex%20holds%20the%20position%20of%20Vice%20President%20at%20the%20Chilean%20ICT%20Industry%20Association%20(ACTI)%20Legal%20Group.%3C\/p%3E%22%7D,%7B%22image%22:%7B%22alt%22:%22%22,%22title%22:%22Cristobal%22,%22caption%22:%22%22,%22description%22:%7B%22raw%22:%22%22,%22rendered%22:%22%3Cp%20class=%5C%22attachment%5C%22%3E%3Ca%20href='https:\/\/wpcms.chambers.com\/wp-content\/uploads\/2025\/04\/Cristobal.png'%3E%3Cimg%20width=%5C%22208%5C%22%20height=%5C%22208%5C%22%20src=%5C%22https:\/\/wpcms.chambers.com\/wp-content\/uploads\/2025\/04\/Cristobal.png%5C%22%20class=%5C%22attachment-medium%20size-medium%5C%22%20alt=%5C%22%5C%22%20srcset=%5C%22https:\/\/wpcms.chambers.com\/wp-content\/uploads\/2025\/04\/Cristobal.png%20208w,%20https:\/\/assets.chambers.com\/wp-content\/uploads\/2025\/04\/22084647\/Cristobal-120x120.png%20120w%5C%22%20sizes=%5C%22(max-width:%20208px)%20100vw,%20208px%5C%22%20\/%3E%3C\/a%3E%3C\/p%3E%5Cn%22%7D,%22id%22:25457,%22link%22:%22https:\/\/wpcms.chambers.com\/events\/chambers-chile-forum-2025\/cristobal\/%22,%22url%22:%22https:\/\/wpcms.chambers.com\/wp-content\/uploads\/2025\/04\/Cristobal.png%22,%22sizes%22:%22%22%7D,%22name%22:%22Crist%C3%B3bal%20Lea-Plaza%22,%22role%22:%22Gerente%20de%20Asuntos%20Gubernamentales%20y%20Pol%C3%ADticas%20P%C3%BAblicas%20de%20Google%20en%20Chile%22,%22buttonText%22:%22Read%20bio%22,%22buttonType%22:%22modal%22,%22modalContent%22:%22%3Cp%20style=%5C%22font-weight:%20400;%5C%22%3ECrist%C3%B3bal%20Lea-Plaza%20es%20Gerente%20de%20Asuntos%20Gubernamentales%20y%20Pol%C3%ADticas%20P%C3%BAblicas%20de%20Google%20en%20Chile.%20Previamente%20se%20desempe%C3%B1o%20como%20Gerente%20de%20Pol%C3%ADticas%20P%C3%BAblicas%20para%20Amazon.com%20en%20Latinamerica%20con%20foco%20en%20la%20pol%C3%ADtica%20digital.%20Tiene%20m%C3%A1s%20de%2015%20a%C3%B1os%20de%20experiencia%20en%20el%20%C3%A1mbito%20privado%20y%20p%C3%BAblico%20donde%20inici%C3%B3%20su%20carrera%20en%20la%20Secretar%C3%ADa%20de%20Comunicaciones%20(SECOM)%20del%20Ministerio%20Secretar%C3%ADa%20General%20de%20Gobierno%20para%20posteriormente%20desempe%C3%B1arse%20en%20la%20Gerencia%20de%20Asuntos%20P%C3%BAblicos%20de%20Amcham%20Chile%20y%20como%20Gerente%20General%20de%20la%20Asociaci%C3%B3n%20Chilena%20de%20L%C3%ADneas%20A%C3%A9reas.%20Es%20Cientista%20Pol%C3%ADtico,%20Master%20en%20Comunicaci%C3%B3n%20Estrat%C3%A9gica%20y%20Master%20en%20Pol%C3%ADticas%20P%C3%BAblicas%20de%20la%20University%20College%20of%20London.%3C\/p%3E%22%7D,%7B%22image%22:%7B%22alt%22:%22%22,%22title%22:%22Macarena%22,%22caption%22:%22%22,%22description%22:%7B%22raw%22:%22%22,%22rendered%22:%22%3Cp%20class=%5C%22attachment%5C%22%3E%3Ca%20href='https:\/\/wpcms.chambers.com\/wp-content\/uploads\/2025\/04\/Macarena.png'%3E%3Cimg%20width=%5C%22208%5C%22%20height=%5C%22208%5C%22%20src=%5C%22https:\/\/wpcms.chambers.com\/wp-content\/uploads\/2025\/04\/Macarena.png%5C%22%20class=%5C%22attachment-medium%20size-medium%5C%22%20alt=%5C%22%5C%22%20srcset=%5C%22https:\/\/wpcms.chambers.com\/wp-content\/uploads\/2025\/04\/Macarena.png%20208w,%20https:\/\/assets.chambers.com\/wp-content\/uploads\/2025\/04\/22084743\/Macarena-120x120.png%20120w%5C%22%20sizes=%5C%22(max-width:%20208px)%20100vw,%20208px%5C%22%20\/%3E%3C\/a%3E%3C\/p%3E%5Cn%22%7D,%22id%22:25458,%22link%22:%22https:\/\/wpcms.chambers.com\/events\/chambers-chile-forum-2025\/macarena\/%22,%22url%22:%22https:\/\/wpcms.chambers.com\/wp-content\/uploads\/2025\/04\/Macarena.png%22,%22sizes%22:%22%22%7D,%22name%22:%22Macarena%20Lopez%22,%22role%22:%22Gerente%20Legal%20de%20TI,%20Privacidad%20y%20Ciberseguridad%20de%20Falabella%22,%22buttonText%22:%22Read%20bio%22,%22buttonType%22:%22modal%22,%22modalContent%22:%22%3Cp%20style=%5C%22font-weight:%20400;%5C%22%3EMacarena%20Lopez%20es%20Gerente%20Legal%20de%20TI,%20Privacidad%20y%20Ciberseguridad%20de%20Falabella.%20Curs%C3%B3%20sus%20estudios%20de%20derecho%20en%20la%20Facultad%20de%20Derecho%20de%20la%20Universidad%20de%20Chile%20(distinci%C3%B3n%20m%C3%A1xima).%20Master%20en%20Derecho%20en%20University%20of%20California,%20Berkeley,%202004.%20Es%20autor%20del%20libro%20%E2%80%9CDelincuencia%20y%20Fraude%20Inform%C3%A1tico,%20Derecho%20Comparado%20y%20Ley%20N%C2%B019.223%E2%80%9D.%20Entre%20los%20a%C3%B1os%202004%20y%202005%20trabaj%C3%B3%20como%20foreign%20attorney%20en%20Greenberg%20Glusker,%20Los%20Angeles,%20CA.%20Durante%20ese%20per%C3%ADodo%20tambi%C3%A9n%20se%20desempe%C3%B1%C3%B3%20como%20asesor%20legal%20del%20Comit%C3%A9%20Latinoamericano%20de%20Business%20Software%20Alliance%20(BSA),%20Washington,%20D.C.%20y%20como%20BSA%20Country%20Manager%20en%20Costa%20Rica,%20Venezuela%20y%20M%C3%A9xico.%20Ha%20sido%20destacada%20en%20diversos%20rankings%20como%20Chambers%20Latin%20America%20y%20Chambers%20Global%20como%20abogado%20l%C3%ADder%20en%20el%20%C3%A1rea%20de%20Propiedad%20Intelectual%20y%C2%A0%20TMT.%C2%A0%20Destacada%20adem%C3%A1s%20en%20TMT%20en%20la%20publicaci%C3%B3n%20Legal500%20y%20en%20Tecnolog%C3%ADas%20de%20la%20Informaci%C3%B3n%20y%20Propiedad%20Intelectual%20por%20la%20publicaci%C3%B3n%20Best%20Lawyers%20y%20en%20Telecoms%20and%20Media%20Latin%20Lawyer%C2%A0%3C\/p%3E%22%7D,%7B%22name%22:%22Cristobal%20Aninat%22,%22role%22:%22Head%20of%20Government%20Relations%20de%20Mercado%20Libre%20para%20Chile%20y%20la%20Regi%C3%B3n%20Andina%22,%22image%22:%7B%22alt%22:%22%22,%22title%22:%22Cristobal-A%22,%22caption%22:%22%22,%22description%22:%7B%22raw%22:%22%22,%22rendered%22:%22%3Cp%20class=%5C%22attachment%5C%22%3E%3Ca%20href='https:\/\/wpcms.chambers.com\/wp-content\/uploads\/2025\/04\/Cristobal-A.png'%3E%3Cimg%20width=%5C%22208%5C%22%20height=%5C%22208%5C%22%20src=%5C%22https:\/\/wpcms.chambers.com\/wp-content\/uploads\/2025\/04\/Cristobal-A.png%5C%22%20class=%5C%22attachment-medium%20size-medium%5C%22%20alt=%5C%22%5C%22%20srcset=%5C%22https:\/\/wpcms.chambers.com\/wp-content\/uploads\/2025\/04\/Cristobal-A.png%20208w,%20https:\/\/assets.chambers.com\/wp-content\/uploads\/2025\/04\/22150848\/Cristobal-A-120x120.png%20120w%5C%22%20sizes=%5C%22(max-width:%20208px)%20100vw,%20208px%5C%22%20\/%3E%3C\/a%3E%3C\/p%3E%5Cn%22%7D,%22id%22:25468,%22link%22:%22https:\/\/wpcms.chambers.com\/events\/chambers-chile-forum-2025\/cristobal-a\/%22,%22url%22:%22https:\/\/wpcms.chambers.com\/wp-content\/uploads\/2025\/04\/Cristobal-A.png%22,%22sizes%22:%22%22%7D,%22buttonText%22:%22Read%20bio%22,%22buttonType%22:%22modal%22,%22modalContent%22:%22%3Cp%20style=%5C%22font-weight:%20400;%5C%22%3E%3Cstrong%3ECristobal%20Aninat.%20%3C\/strong%3EEs%20Head%20of%20Government%20Relations%20de%20Mercado%20Libre%20para%20Chile%20y%20la%20Regi%C3%B3n%20Andina.%20Es%20director%20de%20FinteChile%20y%20Acti,%20Presidente%20de%20la%20Mesa%20de%20Econom%C3%ADa%20Digital%20de%20Acti,%C2%A0%20Consejero%20de%20la%20C%C3%A1mara%20de%20Comercio%20de%20Santiago%20y%20miembro%20del%20C%C3%ADrculo%20de%20Innovaci%C3%B3n.%20Anteriormente%20fue%20Presidente%20de%20la%20Comisi%C3%B3n%20de%20Econom%C3%ADa%20Digital%20de%20la%20C%C3%A1mara%20Nacional%20de%20Comercio%20y%20Head%20of%20Public%20Affairs%20de%20Grow%20Mobility%20para%20el%20Cono%20Sur.%20%C2%A0%20Tiene%20una%20amplia%20experiencia%20en%20Pol%C3%ADticas%20P%C3%BAblicas%20y%20asuntos%20regulatorios,%20desde%20la%20empresa%20privada,%20Centros%20de%20Estudio,%20ONGs,%20la%20academia%20y%20el%20Estado.%20Es%20Ingeniero%20Comercial%20de%20la%20Universidad%20Cat%C3%B3lica%20de%20Chile%20y%20PhD%20(c)%20de%20New%20York%20University%20en%20Econom%C3%ADa%20Pol%C3%ADtica.%C2%A0%3C\/p%3E%22%7D,%7B%22name%22:%22Claudio%20Magliona%22,%22role%22:%22Partner,%20Magliona%20Abogados%22,%22image%22:%7B%22alt%22:%22Claudio%20Magliona%22,%22title%22:%22Claudio%20Magliona%22,%22caption%22:%22%22,%22description%22:%22%22,%22id%22:20231,%22link%22:%22https:\/\/wpcms.chambers.com\/events\/chile-forum-2024\/claudio-magliona\/%22,%22url%22:%22https:\/\/assets.chambers.com\/wp-content\/uploads\/2023\/12\/12125410\/Claudio-Magliona.png%22,%22sizes%22:%7B%22thumbnail%22:%7B%22height%22:120,%22width%22:120,%22url%22:%22https:\/\/assets.chambers.com\/wp-content\/uploads\/2023\/12\/12125410\/Claudio-Magliona-120x120.png%22,%22orientation%22:%22landscape%22%7D,%22full%22:%7B%22url%22:%22https:\/\/assets.chambers.com\/wp-content\/uploads\/2023\/12\/12125410\/Claudio-Magliona.png%22,%22height%22:200,%22width%22:200,%22orientation%22:%22landscape%22%7D%7D%7D,%22buttonText%22:%22Read%20bio%22,%22buttonType%22:%22modal%22,%22modalContent%22:%22%3Cp%3E%3Cspan%20data-contrast=%5C%22auto%5C%22%3EClaudio%20Magliona%20has%20extensive%20practice%20in%20corporate%20and%20financing,%20technology%20law,%20telecommunications,%20intellectual%20and%20industrial%20property%20and%20entertainment%20law,%20including%20corporate%20structures,%20mergers%20and%20acquisitions,%20financing,%20licensing%20and%20software%20development%20agreements,%20franchising,%20data%20protection,%20prevention%20of%20computer%20crimes%20and%20film%20distribution,%20production%20and%20financing.%20Mr.%20Magliona%20also%20handles%20government%20relations%20and%20policy%20matters.%3C\/span%3E%3Cspan%20data-ccp-props=%5C%22%7B%7D%5C%22%3E%C2%A0%3C\/span%3E%3Cspan%20data-ccp-props=%5C%22%7B%7D%5C%22%3E%C2%A0%3C\/span%3E%3C\/p%3E%5Cn%3Cp%3E%3Cspan%20data-contrast=%5C%22auto%5C%22%3EAwards.%20Ranked%20by%20(i)%20Chambers%20Latin%20America%202025%20in%20TMT%20(Telecom,%20Media%20and%20Technology)%20(Band%201)%20and%20in%20Intellectual%20Property%20(Band%204),%20(ii)%20Chambers%20Fintech%20Legal%202025%20(Band%201),%20(iii)%20Chambers%20Global%202025%20in%20Intellectual%20Property%20(Band%204),%20(iv)%20The%20Legal%20500%20Latin%20America%202025%20in%20TMT%20(Leading%20Partner)%20and%20Intellectual%20Property%20(Leading%20Partner),%20(v)%20The%20Legal%20500%20Chile%20Awards%202024%20as%20Lawyer%20of%20the%20Year%20in%20TMT,%20(vi)%20Best%20Lawyers%202025%20as%20Lawyer%20of%20the%20Year%20in%20Information%20Technology%20Law,%20also%20featured%20in%20Privacy%20and%20Data%20Security%20Law%20and%20featured%20in%20Communications%20Law,%20Entertainment%20Law,%20Intellectual%20Property%20Law,%20Media%20Law%20and%20Technology%20Law,%20(vii)%20Leaders%20League%202025%20as%20leader%20in%20Fintech,%20Recommended%20in%20Corporate%20and%20M&amp;A%20and%20Valuable%20Practice%20in%20Banking%20and%20Finance,%20and%20by%20the2024%20edition%20as%20Leader%20in%20Technology,%20Excellent%20in%20Telecommunications%20Law,%20Highly%20Recommended%20in%20Enforcement%20&amp;%20Anti-counterfeiting%20Actions,%20Recommended%20in%20Patent%20Prosecution,%20Patent%20Litigation,%20Trademark%20Prosecution,%20IP%20Litigation,%20(viii)%20IP%20Stars%202024%20as%20Trademark%20Star,%20(ix)%20Leading%20Lawyers%202022%20as%20the%20most%20influential%20lawyer%20in%20Chile%20in%20TMT.%3C\/span%3E%3Cspan%20data-ccp-props=%5C%22%7B%7D%5C%22%3E%C2%A0%3C\/span%3E%3Cspan%20data-ccp-props=%5C%22%7B%7D%5C%22%3E%C2%A0%3C\/span%3E%3C\/p%3E%5Cn%3Cp%3E%3Cspan%20data-contrast=%5C%22auto%5C%22%3EAcademic%20Background.%20Law,%20Universidad%20de%20Chile,%20Licenciado%20en%20Ciencias%20Jur%C3%ADdicas%20y%20Sociales,%20with%20distinction%20(1997).%20%3C\/span%3E%3Cspan%20data-contrast=%5C%22auto%5C%22%3EMaster%20of%20Laws%20(LLM)%20in%20Law,%20Science%20&amp;%20Technology,%20Stanford%20Law%20School%20(2003).%20Mr.%20Magliona%20is%20Professor%20at%20Universidad%20de%20Chile%20Law%20School%20and%20former%20Director%20of%20the%20LLM%20in%20Law,%20Technologies,%20Telecommunications%20and%20Intellectual%20Property%20(2012-2016).%3C\/span%3E%3Cspan%20data-ccp-props=%5C%22%7B%7D%5C%22%3E%C2%A0%3C\/span%3E%3C\/p%3E%22%7D%5D","blockId":"Z1uLbCz","blockUniqueClass":"lazyblock-chambers-speakers-Z1uLbCz"},"innerBlocks":[],"innerHTML":"","innerContent":[]}],"innerHTML":"\n\n","innerContent":["\n",null,"\n"]}],"innerHTML":"\n\n\n\n\n\n","innerContent":["\n",null,"\n\n",null,"\n\n",null,"\n"]},{"blockName":null,"attrs":[],"innerBlocks":[],"innerHTML":"\n\n","innerContent":["\n\n"]},{"blockName":"lazyblock\/chambers-header","attrs":{"header":"Lo m\u00e1s destacado del evento del a\u00f1o pasado","headerLevel":"3","className":"mt-2 <space> mb-2","blockId":"Z1MYhd1","blockUniqueClass":"lazyblock-chambers-header-Z1MYhd1"},"innerBlocks":[],"innerHTML":"","innerContent":[]},{"blockName":null,"attrs":[],"innerBlocks":[],"innerHTML":"\n\n","innerContent":["\n\n"]},{"blockName":"core\/html","attrs":[],"innerBlocks":[],"innerHTML":"\n&nbsp;\n","innerContent":["\n&nbsp;\n"]},{"blockName":null,"attrs":[],"innerBlocks":[],"innerHTML":"\n\n","innerContent":["\n\n"]},{"blockName":"core\/html","attrs":[],"innerBlocks":[],"innerHTML":"\n<iframe width=\"560\" height=\"315\" src=\"https:\/\/www.youtube.com\/embed\/T8bjxvoqsos?si=dg8f5h0YLtFMFODl\" title=\"YouTube video player\" frameborder=\"0\" allow=\"accelerometer; autoplay; clipboard-write; encrypted-media; gyroscope; picture-in-picture; web-share\" referrerpolicy=\"strict-origin-when-cross-origin\" allowfullscreen=\"\"><\/iframe>\n","innerContent":["\n<iframe width=\"560\" height=\"315\" src=\"https:\/\/www.youtube.com\/embed\/T8bjxvoqsos?si=dg8f5h0YLtFMFODl\" title=\"YouTube video player\" frameborder=\"0\" allow=\"accelerometer; autoplay; clipboard-write; encrypted-media; gyroscope; picture-in-picture; web-share\" referrerpolicy=\"strict-origin-when-cross-origin\" allowfullscreen=\"\"><\/iframe>\n"]},{"blockName":null,"attrs":[],"innerBlocks":[],"innerHTML":"\n\n","innerContent":["\n\n"]},{"blockName":"core\/html","attrs":[],"innerBlocks":[],"innerHTML":"\n&nbsp;\n","innerContent":["\n&nbsp;\n"]},{"blockName":null,"attrs":[],"innerBlocks":[],"innerHTML":"\n\n","innerContent":["\n\n"]},{"blockName":"lazyblock\/chambers-header","attrs":{"header":"Patrocinadores del evento","headerLevel":"3","className":"mt-2 <space> mb-2","blockId":"1gNDV3","blockUniqueClass":"lazyblock-chambers-header-1gNDV3"},"innerBlocks":[],"innerHTML":"","innerContent":[]},{"blockName":null,"attrs":[],"innerBlocks":[],"innerHTML":"\n\n","innerContent":["\n\n"]},{"blockName":"lazyblock\/tabs","attrs":{"blockId":"1gBGYz","blockUniqueClass":"lazyblock-tabs-1gBGYz"},"innerBlocks":[{"blockName":"lazyblock\/tab-item","attrs":{"title":"Platinum Sponsor","blockId":"1gI1xu","blockUniqueClass":"lazyblock-tab-item-1gI1xu"},"innerBlocks":[{"blockName":"lazyblock\/logo-rack","attrs":{"type":"new","logos":"%5B%7B%22image%22:%7B%22alt%22:%22Platinum%20-%20Albagli%20Zaliasnik%20-%202024%22,%22title%22:%22AZ%20W&D_WP-Sponsor%20logo%20210x144%22,%22caption%22:%22%22,%22description%22:%22%22,%22id%22:19187,%22link%22:%22https:\/\/wpcms.chambers.com\/events\/chile-forum-2024\/az-wd_wp-sponsor-logo-210x144\/%22,%22url%22:%22https:\/\/assets.chambers.com\/wp-content\/uploads\/2023\/12\/02174814\/AZ-WD_WP-Sponsor-logo-210x144-1.png%22,%22sizes%22:%7B%22thumbnail%22:%7B%22height%22:120,%22width%22:120,%22url%22:%22https:\/\/assets.chambers.com\/wp-content\/uploads\/2023\/12\/02174814\/AZ-WD_WP-Sponsor-logo-210x144-1-120x120.png%22,%22orientation%22:%22landscape%22%7D,%22medium%22:%7B%22height%22:206,%22width%22:300,%22url%22:%22https:\/\/assets.chambers.com\/wp-content\/uploads\/2023\/12\/02174814\/AZ-WD_WP-Sponsor-logo-210x144-1-300x206.png%22,%22orientation%22:%22landscape%22%7D,%22full%22:%7B%22url%22:%22https:\/\/assets.chambers.com\/wp-content\/uploads\/2023\/12\/02174814\/AZ-WD_WP-Sponsor-logo-210x144-1.png%22,%22height%22:288,%22width%22:420,%22orientation%22:%22landscape%22%7D%7D%7D,%22logo-url%22:%22https:\/\/www.az.cl\/en\/%22,%22logo-url-label%22:%22Learn%20more%22%7D%5D","blockId":"Z2ojshS","blockUniqueClass":"lazyblock-logo-rack-Z2ojshS"},"innerBlocks":[],"innerHTML":"","innerContent":[]}],"innerHTML":"\n\n","innerContent":["\n",null,"\n"]},{"blockName":"lazyblock\/tab-item","attrs":{"title":"Gold Sponsor","blockId":"2dz8pK","blockUniqueClass":"lazyblock-tab-item-2dz8pK"},"innerBlocks":[{"blockName":"lazyblock\/logo-rack","attrs":{"type":"new","logos":"%5B%7B%22image%22:%7B%22alt%22:%22Gold%20-%20Magliona%20-%20Sponsor%20Logo%22,%22title%22:%22Magliona%20W&D_WP-Sponsor%20logo%20210x144%22,%22caption%22:%22%22,%22description%22:%22%22,%22id%22:19189,%22link%22:%22https:\/\/wpcms.chambers.com\/events\/chile-forum-2024\/magliona-wd_wp-sponsor-logo-210x144\/%22,%22url%22:%22https:\/\/assets.chambers.com\/wp-content\/uploads\/2023\/12\/03153231\/Magliona-WD_WP-Sponsor-logo-210x144-1.png%22,%22sizes%22:%7B%22thumbnail%22:%7B%22height%22:120,%22width%22:120,%22url%22:%22https:\/\/assets.chambers.com\/wp-content\/uploads\/2023\/12\/03153231\/Magliona-WD_WP-Sponsor-logo-210x144-1-120x120.png%22,%22orientation%22:%22landscape%22%7D,%22medium%22:%7B%22height%22:206,%22width%22:300,%22url%22:%22https:\/\/assets.chambers.com\/wp-content\/uploads\/2023\/12\/03153231\/Magliona-WD_WP-Sponsor-logo-210x144-1-300x206.png%22,%22orientation%22:%22landscape%22%7D,%22full%22:%7B%22url%22:%22https:\/\/assets.chambers.com\/wp-content\/uploads\/2023\/12\/03153231\/Magliona-WD_WP-Sponsor-logo-210x144-1.png%22,%22height%22:288,%22width%22:420,%22orientation%22:%22landscape%22%7D%7D%7D,%22logo-url%22:%22https:\/\/chambers.com\/law-firm\/magliona-abogados-latin-america-9:188352%22,%22altText%22:%22Magliona%20Abogados%22%7D%5D","blockId":"ZTungb","blockUniqueClass":"lazyblock-logo-rack-ZTungb"},"innerBlocks":[],"innerHTML":"","innerContent":[]}],"innerHTML":"\n\n","innerContent":["\n",null,"\n"]}],"innerHTML":"\n\n\n\n","innerContent":["\n",null,"\n\n",null,"\n"]},{"blockName":null,"attrs":[],"innerBlocks":[],"innerHTML":"\n\n","innerContent":["\n\n"]},{"blockName":"lazyblock\/chambers-header","attrs":{"header":"Location","headerLevel":"4","className":"mt-2 <space> mb-2","blockId":"1wFkvH","blockUniqueClass":"lazyblock-chambers-header-1wFkvH"},"innerBlocks":[],"innerHTML":"","innerContent":[]},{"blockName":null,"attrs":[],"innerBlocks":[],"innerHTML":"\n\n","innerContent":["\n\n"]},{"blockName":"lazyblock\/location","attrs":{"name-of-location":" InterContinental Santiago","address":"Av Vitacura 2885","city":"Regi\u00f3n Metropolitana","postal-code":"7550023 ","country":"Chile","maps-link":"https:\/\/maps.app.goo.gl\/f2PeqrYAuRrHPm3n6","className":"mt-2 <space> mb-2","blockId":"Z1U1Tf1","blockUniqueClass":"lazyblock-location-Z1U1Tf1"},"innerBlocks":[],"innerHTML":"","innerContent":[]}],"new_scheduled_revision":null,"save_as_revision":null,"acf":{"featured_content":false,"sponsored_page":true,"carousel_banner":{"interval":"5000","pause_on_hover":true,"pause_on_focus":true,"dark_overlay":true,"width":"360","height":"240","images":false},"in_association_with":{"sponsor_image":false,"website_url":""},"event_promo_banner":{"header":"Chambers Events sponsorship opportunities","description":"If you are interested in sponsoring one of our events, please contact Fabio Sch\u00fclter, Business Development Manager via the button below","image":{"ID":22331,"id":22331,"title":"Chambers-Logo-252x74_Blue","filename":"Chambers-Logo-252x74_Blue.png","filesize":5835,"url":"https:\/\/assets.chambers.com\/wp-content\/uploads\/2024\/10\/17121641\/Chambers-Logo-252x74_Blue.png","link":"https:\/\/wpcms.chambers.com\/events\/chambers-germany-awards-2025\/chambers-logo-252x74_blue-2\/","alt":"Chambers Events logo - 252x74","author":"67","description":"","caption":"","name":"chambers-logo-252x74_blue-2","status":"inherit","uploaded_to":22326,"date":"2024-10-17 11:16:41","modified":"2024-12-03 12:42:48","menu_order":0,"mime_type":"image\/png","type":"image","subtype":"png","icon":"https:\/\/wpcms.chambers.com\/wp-includes\/images\/media\/default.png","width":252,"height":110,"sizes":{"thumbnail":"https:\/\/assets.chambers.com\/wp-content\/uploads\/2024\/10\/17121641\/Chambers-Logo-252x74_Blue-120x110.png","thumbnail-width":120,"thumbnail-height":110,"medium":"https:\/\/assets.chambers.com\/wp-content\/uploads\/2024\/10\/17121641\/Chambers-Logo-252x74_Blue.png","medium-width":252,"medium-height":110,"medium_large":"https:\/\/assets.chambers.com\/wp-content\/uploads\/2024\/10\/17121641\/Chambers-Logo-252x74_Blue.png","medium_large-width":252,"medium_large-height":110,"large":"https:\/\/assets.chambers.com\/wp-content\/uploads\/2024\/10\/17121641\/Chambers-Logo-252x74_Blue.png","large-width":252,"large-height":110,"1536x1536":"https:\/\/assets.chambers.com\/wp-content\/uploads\/2024\/10\/17121641\/Chambers-Logo-252x74_Blue.png","1536x1536-width":252,"1536x1536-height":110,"2048x2048":"https:\/\/assets.chambers.com\/wp-content\/uploads\/2024\/10\/17121641\/Chambers-Logo-252x74_Blue.png","2048x2048-width":252,"2048x2048-height":110}},"retina_image":{"ID":22332,"id":22332,"title":"Chambers-Logo-504x165_Blue","filename":"Chambers-Logo-504x165_Blue.png","filesize":11599,"url":"https:\/\/assets.chambers.com\/wp-content\/uploads\/2024\/10\/17121643\/Chambers-Logo-504x165_Blue.png","link":"https:\/\/wpcms.chambers.com\/events\/chambers-germany-awards-2025\/chambers-logo-504x165_blue-2\/","alt":"Chambers Events Logo - 504x165","author":"67","description":"","caption":"","name":"chambers-logo-504x165_blue-2","status":"inherit","uploaded_to":22326,"date":"2024-10-17 11:16:42","modified":"2024-12-03 12:43:10","menu_order":0,"mime_type":"image\/png","type":"image","subtype":"png","icon":"https:\/\/wpcms.chambers.com\/wp-includes\/images\/media\/default.png","width":504,"height":165,"sizes":{"thumbnail":"https:\/\/assets.chambers.com\/wp-content\/uploads\/2024\/10\/17121643\/Chambers-Logo-504x165_Blue-120x120.png","thumbnail-width":120,"thumbnail-height":120,"medium":"https:\/\/assets.chambers.com\/wp-content\/uploads\/2024\/10\/17121643\/Chambers-Logo-504x165_Blue-300x98.png","medium-width":300,"medium-height":98,"medium_large":"https:\/\/assets.chambers.com\/wp-content\/uploads\/2024\/10\/17121643\/Chambers-Logo-504x165_Blue.png","medium_large-width":504,"medium_large-height":165,"large":"https:\/\/assets.chambers.com\/wp-content\/uploads\/2024\/10\/17121643\/Chambers-Logo-504x165_Blue.png","large-width":504,"large-height":165,"1536x1536":"https:\/\/assets.chambers.com\/wp-content\/uploads\/2024\/10\/17121643\/Chambers-Logo-504x165_Blue.png","1536x1536-width":504,"1536x1536-height":165,"2048x2048":"https:\/\/assets.chambers.com\/wp-content\/uploads\/2024\/10\/17121643\/Chambers-Logo-504x165_Blue.png","2048x2048-width":504,"2048x2048-height":165}},"background_image":{"ID":22351,"id":22351,"title":"Events-Background-banner","filename":"Events-Background-banner-1.png","filesize":2091,"url":"https:\/\/assets.chambers.com\/wp-content\/uploads\/2024\/10\/17172117\/Events-Background-banner-1.png","link":"https:\/\/wpcms.chambers.com\/events\/chambers-brazil-awards-2025\/events-background-banner-3\/","alt":"","author":"67","description":"","caption":"","name":"events-background-banner-3","status":"inherit","uploaded_to":21721,"date":"2024-10-17 16:21:17","modified":"2024-10-17 16:21:17","menu_order":0,"mime_type":"image\/png","type":"image","subtype":"png","icon":"https:\/\/wpcms.chambers.com\/wp-includes\/images\/media\/default.png","width":1440,"height":252,"sizes":{"thumbnail":"https:\/\/assets.chambers.com\/wp-content\/uploads\/2024\/10\/17172117\/Events-Background-banner-1-120x120.png","thumbnail-width":120,"thumbnail-height":120,"medium":"https:\/\/assets.chambers.com\/wp-content\/uploads\/2024\/10\/17172117\/Events-Background-banner-1-300x53.png","medium-width":300,"medium-height":53,"medium_large":"https:\/\/assets.chambers.com\/wp-content\/uploads\/2024\/10\/17172117\/Events-Background-banner-1-768x134.png","medium_large-width":768,"medium_large-height":134,"large":"https:\/\/assets.chambers.com\/wp-content\/uploads\/2024\/10\/17172117\/Events-Background-banner-1-1024x179.png","large-width":1024,"large-height":179,"1536x1536":"https:\/\/assets.chambers.com\/wp-content\/uploads\/2024\/10\/17172117\/Events-Background-banner-1.png","1536x1536-width":1440,"1536x1536-height":252,"2048x2048":"https:\/\/assets.chambers.com\/wp-content\/uploads\/2024\/10\/17172117\/Events-Background-banner-1.png","2048x2048-width":1440,"2048x2048-height":252}},"background_retina_image":false,"action_button":{"button_description":"Contact us","button_url":"Mailto:fabio.schulter@chambers.com"}},"event_header":"Sobre el evento","event_description":"<p>Nos complace volver a Santiago para el Chambers Chile Forum 2025. El evento de este a\u00f1o analizar\u00e1 las novedades regulatorias m\u00e1s urgentes que operan en Chile. El evento reunir\u00e1 a asesores jur\u00eddicos, bufetes de abogados, representantes del gobierno y expertos de la industria para analizar las \u00faltimas novedades sobre protecci\u00f3n de datos, ciberseguridad e IA. Los temas de la agenda incluyen:<\/p>\n<ul>\n<li>Adaptaci\u00f3n en Chile de las normas internacionales de protecci\u00f3n de datos: debate sobre la reforma legal de la Ley 19.628\/1999, incluida la creaci\u00f3n de una nueva Agencia de Protecci\u00f3n de Datos Personales y la creaci\u00f3n de un sistema de cumplimiento conforme a las normas internacionales. \u00bfQu\u00e9 medidas deben adoptar las empresas chilenas para cumplir con la nueva normativa?<\/li>\n<li>Enfoque en la Ley Marco de Ciberseguridad de Chile &#8211; Ley 21.663\/2024 &#8211; conozca c\u00f3mo este nuevo marco regulatorio ayudar\u00e1 a lograr un ecosistema digital seguro y qu\u00e9 medidas deben adoptar las empresas chilenas para evitar, informar y resolver incidentes de ciberseguridad.<\/li>\n<li>Debate sobre una propuesta de ley de IA que busca regular y fomentar el desarrollo \u00e9tico y responsable de la IA.\u00a0Conozca el papel que el nuevo proyecto de ley de IA tendr\u00e1 en el avance de la IA en Chile y en toda la regi\u00f3n.<\/li>\n<\/ul>\n","details":{"date_of_event":{"icon":"https:\/\/assets.chambers.com\/wp-content\/uploads\/2020\/12\/02143111\/Time.png","start_date":"Thursday, 8 May 2025 9:00 am","end_date":"Thursday, 8 May 2025 1:30 pm","time_zone":"GMT-3"},"location":{"icon":"https:\/\/assets.chambers.com\/wp-content\/uploads\/2024\/10\/30151756\/Event-location.png","location":{"term_id":197,"name":"InterContinental Santiago","slug":"intercontinental-santiago","term_group":0,"term_taxonomy_id":197,"taxonomy":"locations","description":"","parent":159,"count":1,"filter":"raw"}},"Tier_list":{"icon":"https:\/\/assets.chambers.com\/wp-content\/uploads\/2020\/12\/02143143\/Tier.png","tier":false},"details_description":"","action_button":{"description":"Inscripciones cerradas","url":""}},"template":{"name":"events-page-v2"},"social_sharing_post_options":{"alignment":"left","sticky":false},"title":"","sponsors_list":{"sponsors":false,"showhide_borders":false},"hero_title":"Chambers Chile Foro 2025","hero_description":"\u00daltimas novedades regulatorias importantes en Chile - Protecci\u00f3n de datos, ciberseguridad e IA","hero_content_color":"dark","hero_enable_responsive_images":false,"hero_image":"https:\/\/assets.chambers.com\/wp-content\/uploads\/2024\/12\/23160829\/CHILEFORUM.svg","hero_retina_image":"https:\/\/assets.chambers.com\/wp-content\/uploads\/2024\/12\/23160829\/CHILEFORUM.svg","event_status":"active"},"yoast_head":"<!-- This site is optimized with the Yoast SEO Premium plugin v15.0 - https:\/\/yoast.com\/wordpress\/plugins\/seo\/ -->\n<meta name=\"description\" content=\"Join industry leaders at the Chambers Chile Forum 2025 for in-depth discussions on key legal developments within Chile\u2019s legal sector.\" \/>\n<meta name=\"robots\" content=\"noindex, follow, max-snippet:-1, max-image-preview:large, max-video-preview:-1\" \/>\n<meta property=\"og:locale\" content=\"en_GB\" \/>\n<meta property=\"og:type\" content=\"article\" \/>\n<meta property=\"og:title\" content=\"Chambers Chile Forum 2025: Shaping Legal Futures | Chambers Events\" \/>\n<meta property=\"og:description\" content=\"Join industry leaders at the Chambers Chile Forum 2025 for in-depth discussions on key legal developments within Chile\u2019s legal sector.\" \/>\n<meta property=\"og:url\" content=\"https:\/\/wpcms.chambers.com\/events\/chambers-chile-forum-2025\/\" \/>\n<meta property=\"og:site_name\" content=\"Chambers and Partners | Researching Outstanding Lawyers Globally | chambers.com\" \/>\n<meta property=\"article:modified_time\" content=\"2025-05-08T00:24:57+00:00\" \/>\n<meta property=\"og:image\" content=\"https:\/\/assets.chambers.com\/wp-content\/uploads\/2024\/11\/08152148\/Chile-Forum-2025-WP-Image-e1769016047444.png\" \/>\n\t<meta property=\"og:image:width\" content=\"1200\" \/>\n\t<meta property=\"og:image:height\" content=\"777\" \/>\n<meta name=\"twitter:card\" content=\"summary_large_image\" \/>\n<script type=\"application\/ld+json\" class=\"yoast-schema-graph\">{\"@context\":\"https:\/\/schema.org\",\"@graph\":[{\"@type\":\"WebSite\",\"@id\":\"https:\/\/wpcms.chambers.com\/#website\",\"url\":\"https:\/\/wpcms.chambers.com\/\",\"name\":\"Chambers and Partners | Researching Outstanding Lawyers Globally | chambers.com\",\"description\":\"Chambers and Partners identifies and ranks the most outstanding law firms and lawyers in over 180 jurisdictions throughout the world.\",\"potentialAction\":[{\"@type\":\"SearchAction\",\"target\":\"https:\/\/wpcms.chambers.com\/?s={search_term_string}\",\"query-input\":\"required name=search_term_string\"}],\"inLanguage\":\"en-GB\"},{\"@type\":\"ImageObject\",\"@id\":\"https:\/\/wpcms.chambers.com\/events\/chambers-chile-forum-2025\/#primaryimage\",\"inLanguage\":\"en-GB\",\"url\":\"https:\/\/assets.chambers.com\/wp-content\/uploads\/2024\/11\/08152148\/Chile-Forum-2025-WP-Image-e1769016047444.png\",\"width\":1200,\"height\":777,\"caption\":\"Chile Data Protection Law\"},{\"@type\":\"WebPage\",\"@id\":\"https:\/\/wpcms.chambers.com\/events\/chambers-chile-forum-2025\/#webpage\",\"url\":\"https:\/\/wpcms.chambers.com\/events\/chambers-chile-forum-2025\/\",\"name\":\"Chambers Chile Forum 2025: Shaping Legal Futures | Chambers Events\",\"isPartOf\":{\"@id\":\"https:\/\/wpcms.chambers.com\/#website\"},\"primaryImageOfPage\":{\"@id\":\"https:\/\/wpcms.chambers.com\/events\/chambers-chile-forum-2025\/#primaryimage\"},\"datePublished\":\"2024-12-23T14:57:58+00:00\",\"dateModified\":\"2025-05-08T00:24:57+00:00\",\"description\":\"Join industry leaders at the Chambers Chile Forum 2025 for in-depth discussions on key legal developments within Chile\\u2019s legal sector.\",\"inLanguage\":\"en-GB\",\"potentialAction\":[{\"@type\":\"ReadAction\",\"target\":[\"https:\/\/wpcms.chambers.com\/events\/chambers-chile-forum-2025\/\"]}]}]}<\/script>\n<!-- \/ Yoast SEO Premium plugin. -->","featured_media_links":{"medium":"https:\/\/assets.chambers.com\/wp-content\/uploads\/2024\/11\/08152148\/Chile-Forum-2025-WP-Image-e1769013194439-300x194.png","thumbnail_url":"https:\/\/assets.chambers.com\/wp-content\/uploads\/2024\/11\/08152148\/Chile-Forum-2025-WP-Image-e1769016047444.png"},"yoast_title":null,"yoast_meta":[{"name":"description","content":"Join industry leaders at the Chambers Chile Forum 2025 for in-depth discussions on key legal developments within Chile\u2019s legal sector."},{"name":"robots","content":"noindex, follow, max-snippet:-1, max-image-preview:large, max-video-preview:-1"},{"property":"og:locale","content":"en_GB"},{"property":"og:type","content":"article"},{"property":"og:title","content":"Chambers Chile Forum 2025: Shaping Legal Futures | Chambers Events"},{"property":"og:description","content":"Join industry leaders at the Chambers Chile Forum 2025 for in-depth discussions on key legal developments within Chile\u2019s legal sector."},{"property":"og:url","content":"https:\/\/wpcms.chambers.com\/events\/chambers-chile-forum-2025\/"},{"property":"og:site_name","content":"Chambers and Partners | Researching Outstanding Lawyers Globally | chambers.com"},{"property":"article:modified_time","content":"2025-05-08T00:24:57+00:00"},{"property":"og:image","content":"https:\/\/assets.chambers.com\/wp-content\/uploads\/2024\/11\/08152148\/Chile-Forum-2025-WP-Image-e1769016047444.png"},{"property":"og:image:width","content":"1200"},{"property":"og:image:height","content":"777"},{"name":"twitter:card","content":"summary_large_image"}],"yoast_json_ld":[{"@context":"https:\/\/schema.org","@graph":[{"@type":"WebSite","@id":"https:\/\/wpcms.chambers.com\/#website","url":"https:\/\/wpcms.chambers.com\/","name":"Chambers and Partners | Researching Outstanding Lawyers Globally | chambers.com","description":"Chambers and Partners identifies and ranks the most outstanding law firms and lawyers in over 180 jurisdictions throughout the world.","potentialAction":[{"@type":"SearchAction","target":"https:\/\/wpcms.chambers.com\/?s={search_term_string}","query-input":"required name=search_term_string"}],"inLanguage":"en-GB"},{"@type":"ImageObject","@id":"https:\/\/wpcms.chambers.com\/events\/chambers-chile-forum-2025\/#primaryimage","inLanguage":"en-GB","url":"https:\/\/assets.chambers.com\/wp-content\/uploads\/2024\/11\/08152148\/Chile-Forum-2025-WP-Image-e1769016047444.png","width":1200,"height":777,"caption":"Chile Data Protection Law"},{"@type":"WebPage","@id":"https:\/\/wpcms.chambers.com\/events\/chambers-chile-forum-2025\/#webpage","url":"https:\/\/wpcms.chambers.com\/events\/chambers-chile-forum-2025\/","name":"Chambers Chile Forum 2025: Shaping Legal Futures | Chambers Events","isPartOf":{"@id":"https:\/\/wpcms.chambers.com\/#website"},"primaryImageOfPage":{"@id":"https:\/\/wpcms.chambers.com\/events\/chambers-chile-forum-2025\/#primaryimage"},"datePublished":"2024-12-23T14:57:58+00:00","dateModified":"2025-05-08T00:24:57+00:00","description":"Join industry leaders at the Chambers Chile Forum 2025 for in-depth discussions on key legal developments within Chile\u2019s legal sector.","inLanguage":"en-GB","potentialAction":[{"@type":"ReadAction","target":["https:\/\/wpcms.chambers.com\/events\/chambers-chile-forum-2025\/"]}]}]}],"_links":{"self":[{"href":"https:\/\/wpcms.chambers.com\/wp-json\/wp\/v2\/events\/22822"}],"collection":[{"href":"https:\/\/wpcms.chambers.com\/wp-json\/wp\/v2\/events"}],"about":[{"href":"https:\/\/wpcms.chambers.com\/wp-json\/wp\/v2\/types\/events"}],"wp:featuredmedia":[{"embeddable":true,"href":"https:\/\/wpcms.chambers.com\/wp-json\/wp\/v2\/media\/22826"}],"wp:attachment":[{"href":"https:\/\/wpcms.chambers.com\/wp-json\/wp\/v2\/media?parent=22822"}],"wp:term":[{"taxonomy":"event_types","embeddable":true,"href":"https:\/\/wpcms.chambers.com\/wp-json\/wp\/v2\/event_types?post=22822"},{"taxonomy":"locations","embeddable":true,"href":"https:\/\/wpcms.chambers.com\/wp-json\/wp\/v2\/locations?post=22822"},{"taxonomy":"event_category","embeddable":true,"href":"https:\/\/wpcms.chambers.com\/wp-json\/wp\/v2\/event_category?post=22822"}],"curies":[{"name":"wp","href":"https:\/\/api.w.org\/{rel}","templated":true}]}}